{"id":4559,"date":"2024-05-11T11:19:42","date_gmt":"2024-05-11T11:19:42","guid":{"rendered":"https:\/\/excavacionsfigueres.com\/cat\/?page_id=4559"},"modified":"2024-05-11T11:37:45","modified_gmt":"2024-05-11T11:37:45","slug":"estabilitzacio-sol-castello-empuries","status":"publish","type":"page","link":"https:\/\/excavacionsfigueres.com\/cat\/empresa\/estabilitzacio-sol-castello-empuries\/","title":{"rendered":"Estabilitzaci\u00f3 de s\u00f2l a Castell\u00f2 d&#8217;Emp\u00faries"},"content":{"rendered":"\t\t<div data-elementor-type=\"wp-page\" data-elementor-id=\"4559\" class=\"elementor elementor-4559\" data-elementor-post-type=\"page\">\n\t\t\t\t<div class=\"elementor-element elementor-element-055f92f e-flex e-con-boxed e-con e-parent\" data-id=\"055f92f\" data-element_type=\"container\">\n\t\t\t\t\t<div class=\"e-con-inner\">\n\t\t\t\t<div class=\"elementor-element elementor-element-fe67f89 elementor-widget elementor-widget-gallery\" data-id=\"fe67f89\" data-element_type=\"widget\" data-settings=\"{&quot;gallery_layout&quot;:&quot;justified&quot;,&quot;lazyload&quot;:&quot;yes&quot;,&quot;ideal_row_height&quot;:{&quot;unit&quot;:&quot;px&quot;,&quot;size&quot;:200,&quot;sizes&quot;:[]},&quot;ideal_row_height_laptop&quot;:{&quot;unit&quot;:&quot;px&quot;,&quot;size&quot;:150,&quot;sizes&quot;:[]},&quot;ideal_row_height_tablet_extra&quot;:{&quot;unit&quot;:&quot;px&quot;,&quot;size&quot;:150,&quot;sizes&quot;:[]},&quot;ideal_row_height_tablet&quot;:{&quot;unit&quot;:&quot;px&quot;,&quot;size&quot;:150,&quot;sizes&quot;:[]},&quot;ideal_row_height_mobile&quot;:{&quot;unit&quot;:&quot;px&quot;,&quot;size&quot;:150,&quot;sizes&quot;:[]},&quot;gap&quot;:{&quot;unit&quot;:&quot;px&quot;,&quot;size&quot;:10,&quot;sizes&quot;:[]},&quot;gap_laptop&quot;:{&quot;unit&quot;:&quot;px&quot;,&quot;size&quot;:10,&quot;sizes&quot;:[]},&quot;gap_tablet_extra&quot;:{&quot;unit&quot;:&quot;px&quot;,&quot;size&quot;:10,&quot;sizes&quot;:[]},&quot;gap_tablet&quot;:{&quot;unit&quot;:&quot;px&quot;,&quot;size&quot;:10,&quot;sizes&quot;:[]},&quot;gap_mobile&quot;:{&quot;unit&quot;:&quot;px&quot;,&quot;size&quot;:10,&quot;sizes&quot;:[]},&quot;link_to&quot;:&quot;file&quot;,&quot;overlay_background&quot;:&quot;yes&quot;,&quot;content_hover_animation&quot;:&quot;fade-in&quot;}\" data-widget_type=\"gallery.default\">\n\t\t\t\t<div class=\"elementor-widget-container\">\n\t\t\t\t\t\t\t<div class=\"elementor-gallery__container\">\n\t\t\t\t\t\t\t<a class=\"e-gallery-item elementor-gallery-item elementor-animated-content\" href=\"https:\/\/excavacionsfigueres.com\/cat\/wp-content\/uploads\/2024\/05\/pavimento-estabilizado-Castello-Empuries-01.jpg\" data-elementor-open-lightbox=\"yes\" data-elementor-lightbox-slideshow=\"fe67f89\" data-elementor-lightbox-title=\"paviment estabilitzat Castell\u00f3 d&#039;Empuries\" data-elementor-lightbox-description=\"Estabilitzaci\u00f3 de terra amb cal a una pla\u00e7a de Castell\u00f2 d&#039;Emp\u00faries per Excavacions Figueres.\" data-e-action-hash=\"#elementor-action%3Aaction%3Dlightbox%26settings%3DeyJpZCI6NDU2MSwidXJsIjoiaHR0cHM6XC9cL2V4Y2F2YWNpb25zZmlndWVyZXMuY29tXC9jYXRcL3dwLWNvbnRlbnRcL3VwbG9hZHNcLzIwMjRcLzA1XC9wYXZpbWVudG8tZXN0YWJpbGl6YWRvLUNhc3RlbGxvLUVtcHVyaWVzLTAxLmpwZyIsInNsaWRlc2hvdyI6ImZlNjdmODkifQ%3D%3D\">\n\t\t\t\t\t<div class=\"e-gallery-image elementor-gallery-item__image\" data-thumbnail=\"https:\/\/excavacionsfigueres.com\/cat\/wp-content\/uploads\/2024\/05\/pavimento-estabilizado-Castello-Empuries-01-300x166.jpg\" data-width=\"300\" data-height=\"166\" aria-label=\"Estabilitzaci\u00f3 de terra amb cal a una pla\u00e7a de Castell\u00f2 d&#039;Emp\u00faries per Excavacions Figueres.\" role=\"img\" ><\/div>\n\t\t\t\t\t\t\t\t\t\t\t<div class=\"elementor-gallery-item__overlay\"><\/div>\n\t\t\t\t\t\t\t\t\t\t\t\t\t\t<\/a>\n\t\t\t\t\t\t\t<a class=\"e-gallery-item elementor-gallery-item elementor-animated-content\" href=\"https:\/\/excavacionsfigueres.com\/cat\/wp-content\/uploads\/2024\/05\/pavimento-estabilizado-Castello-Empuries-02.jpg\" data-elementor-open-lightbox=\"yes\" data-elementor-lightbox-slideshow=\"fe67f89\" data-elementor-lightbox-title=\"paviment estabilitzat Castell\u00f3 d&#039;Empuries\" data-elementor-lightbox-description=\"Estabilitzaci\u00f3 de terra amb cal a una pla\u00e7a de Castell\u00f2 d&#039;Emp\u00faries per Excavacions Figueres.\" data-e-action-hash=\"#elementor-action%3Aaction%3Dlightbox%26settings%3DeyJpZCI6NDU2MiwidXJsIjoiaHR0cHM6XC9cL2V4Y2F2YWNpb25zZmlndWVyZXMuY29tXC9jYXRcL3dwLWNvbnRlbnRcL3VwbG9hZHNcLzIwMjRcLzA1XC9wYXZpbWVudG8tZXN0YWJpbGl6YWRvLUNhc3RlbGxvLUVtcHVyaWVzLTAyLmpwZyIsInNsaWRlc2hvdyI6ImZlNjdmODkifQ%3D%3D\">\n\t\t\t\t\t<div class=\"e-gallery-image elementor-gallery-item__image\" data-thumbnail=\"https:\/\/excavacionsfigueres.com\/cat\/wp-content\/uploads\/2024\/05\/pavimento-estabilizado-Castello-Empuries-02-300x163.jpg\" data-width=\"300\" data-height=\"163\" aria-label=\"Estabilitzaci\u00f3 de terra amb cal a una pla\u00e7a de Castell\u00f2 d&#039;Emp\u00faries per Excavacions Figueres.\" role=\"img\" ><\/div>\n\t\t\t\t\t\t\t\t\t\t\t<div class=\"elementor-gallery-item__overlay\"><\/div>\n\t\t\t\t\t\t\t\t\t\t\t\t\t\t<\/a>\n\t\t\t\t\t\t\t<a class=\"e-gallery-item elementor-gallery-item elementor-animated-content\" href=\"https:\/\/excavacionsfigueres.com\/cat\/wp-content\/uploads\/2024\/05\/pavimento-estabilizado-Castello-Empuries-03.jpg\" data-elementor-open-lightbox=\"yes\" data-elementor-lightbox-slideshow=\"fe67f89\" data-elementor-lightbox-title=\"paviment estabilitzat Castell\u00f3 d&#039;Empuries\" data-elementor-lightbox-description=\"Estabilitzaci\u00f3 de terra amb cal a una pla\u00e7a de Castell\u00f2 d&#039;Emp\u00faries per Excavacions Figueres.\" data-e-action-hash=\"#elementor-action%3Aaction%3Dlightbox%26settings%3DeyJpZCI6NDU2MywidXJsIjoiaHR0cHM6XC9cL2V4Y2F2YWNpb25zZmlndWVyZXMuY29tXC9jYXRcL3dwLWNvbnRlbnRcL3VwbG9hZHNcLzIwMjRcLzA1XC9wYXZpbWVudG8tZXN0YWJpbGl6YWRvLUNhc3RlbGxvLUVtcHVyaWVzLTAzLmpwZyIsInNsaWRlc2hvdyI6ImZlNjdmODkifQ%3D%3D\">\n\t\t\t\t\t<div class=\"e-gallery-image elementor-gallery-item__image\" data-thumbnail=\"https:\/\/excavacionsfigueres.com\/cat\/wp-content\/uploads\/2024\/05\/pavimento-estabilizado-Castello-Empuries-03-300x178.jpg\" data-width=\"300\" data-height=\"178\" aria-label=\"Estabilitzaci\u00f3 de terra amb cal a una pla\u00e7a de Castell\u00f2 d&#039;Emp\u00faries per Excavacions Figueres.\" role=\"img\" ><\/div>\n\t\t\t\t\t\t\t\t\t\t\t<div class=\"elementor-gallery-item__overlay\"><\/div>\n\t\t\t\t\t\t\t\t\t\t\t\t\t\t<\/a>\n\t\t\t\t\t\t\t<a class=\"e-gallery-item elementor-gallery-item elementor-animated-content\" href=\"https:\/\/excavacionsfigueres.com\/cat\/wp-content\/uploads\/2024\/05\/pavimento-estabilizado-Castello-Empuries-04.jpg\" data-elementor-open-lightbox=\"yes\" data-elementor-lightbox-slideshow=\"fe67f89\" data-elementor-lightbox-title=\"paviment estabilitzat Castell\u00f3 d&#039;Empuries\" data-elementor-lightbox-description=\"Estabilitzaci\u00f3 de terra amb cal a una pla\u00e7a de Castell\u00f2 d&#039;Emp\u00faries per Excavacions Figueres.\" data-e-action-hash=\"#elementor-action%3Aaction%3Dlightbox%26settings%3DeyJpZCI6NDU2NCwidXJsIjoiaHR0cHM6XC9cL2V4Y2F2YWNpb25zZmlndWVyZXMuY29tXC9jYXRcL3dwLWNvbnRlbnRcL3VwbG9hZHNcLzIwMjRcLzA1XC9wYXZpbWVudG8tZXN0YWJpbGl6YWRvLUNhc3RlbGxvLUVtcHVyaWVzLTA0LmpwZyIsInNsaWRlc2hvdyI6ImZlNjdmODkifQ%3D%3D\">\n\t\t\t\t\t<div class=\"e-gallery-image elementor-gallery-item__image\" data-thumbnail=\"https:\/\/excavacionsfigueres.com\/cat\/wp-content\/uploads\/2024\/05\/pavimento-estabilizado-Castello-Empuries-04-300x225.jpg\" data-width=\"300\" data-height=\"225\" aria-label=\"Estabilitzaci\u00f3 de terra amb cal a una pla\u00e7a de Castell\u00f2 d&#039;Emp\u00faries per Excavacions Figueres.\" role=\"img\" ><\/div>\n\t\t\t\t\t\t\t\t\t\t\t<div class=\"elementor-gallery-item__overlay\"><\/div>\n\t\t\t\t\t\t\t\t\t\t\t\t\t\t<\/a>\n\t\t\t\t\t\t\t<a class=\"e-gallery-item elementor-gallery-item elementor-animated-content\" href=\"https:\/\/excavacionsfigueres.com\/cat\/wp-content\/uploads\/2024\/05\/pavimento-estabilizado-Castello-Empuries-05.jpg\" data-elementor-open-lightbox=\"yes\" data-elementor-lightbox-slideshow=\"fe67f89\" data-elementor-lightbox-title=\"paviment estabilitzat Castell\u00f3 d&#039;Empuries\" data-elementor-lightbox-description=\"Estabilitzaci\u00f3 de terra amb cal a una pla\u00e7a de Castell\u00f2 d&#039;Emp\u00faries per Excavacions Figueres.\" data-e-action-hash=\"#elementor-action%3Aaction%3Dlightbox%26settings%3DeyJpZCI6NDU2NSwidXJsIjoiaHR0cHM6XC9cL2V4Y2F2YWNpb25zZmlndWVyZXMuY29tXC9jYXRcL3dwLWNvbnRlbnRcL3VwbG9hZHNcLzIwMjRcLzA1XC9wYXZpbWVudG8tZXN0YWJpbGl6YWRvLUNhc3RlbGxvLUVtcHVyaWVzLTA1LmpwZyIsInNsaWRlc2hvdyI6ImZlNjdmODkifQ%3D%3D\">\n\t\t\t\t\t<div class=\"e-gallery-image elementor-gallery-item__image\" data-thumbnail=\"https:\/\/excavacionsfigueres.com\/cat\/wp-content\/uploads\/2024\/05\/pavimento-estabilizado-Castello-Empuries-05-300x225.jpg\" data-width=\"300\" data-height=\"225\" aria-label=\"Estabilitzaci\u00f3 de terra amb cal a una pla\u00e7a de Castell\u00f2 d&#039;Emp\u00faries per Excavacions Figueres.\" role=\"img\" ><\/div>\n\t\t\t\t\t\t\t\t\t\t\t<div class=\"elementor-gallery-item__overlay\"><\/div>\n\t\t\t\t\t\t\t\t\t\t\t\t\t\t<\/a>\n\t\t\t\t\t\t\t<a class=\"e-gallery-item elementor-gallery-item elementor-animated-content\" href=\"https:\/\/excavacionsfigueres.com\/cat\/wp-content\/uploads\/2024\/05\/pavimento-estabilizado-Castello-Empuries-06.jpg\" data-elementor-open-lightbox=\"yes\" data-elementor-lightbox-slideshow=\"fe67f89\" data-elementor-lightbox-title=\"paviment estabilitzat Castell\u00f3 d&#039;Empuries\" data-elementor-lightbox-description=\"Estabilitzaci\u00f3 de terra amb cal a una pla\u00e7a de Castell\u00f2 d&#039;Emp\u00faries per Excavacions Figueres.\" data-e-action-hash=\"#elementor-action%3Aaction%3Dlightbox%26settings%3DeyJpZCI6NDU2NiwidXJsIjoiaHR0cHM6XC9cL2V4Y2F2YWNpb25zZmlndWVyZXMuY29tXC9jYXRcL3dwLWNvbnRlbnRcL3VwbG9hZHNcLzIwMjRcLzA1XC9wYXZpbWVudG8tZXN0YWJpbGl6YWRvLUNhc3RlbGxvLUVtcHVyaWVzLTA2LmpwZyIsInNsaWRlc2hvdyI6ImZlNjdmODkifQ%3D%3D\">\n\t\t\t\t\t<div class=\"e-gallery-image elementor-gallery-item__image\" data-thumbnail=\"https:\/\/excavacionsfigueres.com\/cat\/wp-content\/uploads\/2024\/05\/pavimento-estabilizado-Castello-Empuries-06-300x225.jpg\" data-width=\"300\" data-height=\"225\" aria-label=\"Estabilitzaci\u00f3 de terra amb cal a una pla\u00e7a de Castell\u00f2 d&#039;Emp\u00faries per Excavacions Figueres.\" role=\"img\" ><\/div>\n\t\t\t\t\t\t\t\t\t\t\t<div class=\"elementor-gallery-item__overlay\"><\/div>\n\t\t\t\t\t\t\t\t\t\t\t\t\t\t<\/a>\n\t\t\t\t\t\t\t<a class=\"e-gallery-item elementor-gallery-item elementor-animated-content\" href=\"https:\/\/excavacionsfigueres.com\/cat\/wp-content\/uploads\/2024\/05\/pavimento-estabilizado-Castello-Empuries-07.jpg\" data-elementor-open-lightbox=\"yes\" data-elementor-lightbox-slideshow=\"fe67f89\" data-elementor-lightbox-title=\"paviment estabilitzat Castell\u00f3 d&#039;Empuries\" data-elementor-lightbox-description=\"Estabilitzaci\u00f3 de terra amb cal a una pla\u00e7a de Castell\u00f2 d&#039;Emp\u00faries per Excavacions Figueres.\" data-e-action-hash=\"#elementor-action%3Aaction%3Dlightbox%26settings%3DeyJpZCI6NDU2NywidXJsIjoiaHR0cHM6XC9cL2V4Y2F2YWNpb25zZmlndWVyZXMuY29tXC9jYXRcL3dwLWNvbnRlbnRcL3VwbG9hZHNcLzIwMjRcLzA1XC9wYXZpbWVudG8tZXN0YWJpbGl6YWRvLUNhc3RlbGxvLUVtcHVyaWVzLTA3LmpwZyIsInNsaWRlc2hvdyI6ImZlNjdmODkifQ%3D%3D\">\n\t\t\t\t\t<div class=\"e-gallery-image elementor-gallery-item__image\" data-thumbnail=\"https:\/\/excavacionsfigueres.com\/cat\/wp-content\/uploads\/2024\/05\/pavimento-estabilizado-Castello-Empuries-07-300x194.jpg\" data-width=\"300\" data-height=\"194\" aria-label=\"Estabilitzaci\u00f3 de terra amb cal a una pla\u00e7a de Castell\u00f2 d&#039;Emp\u00faries per Excavacions Figueres.\" role=\"img\" ><\/div>\n\t\t\t\t\t\t\t\t\t\t\t<div class=\"elementor-gallery-item__overlay\"><\/div>\n\t\t\t\t\t\t\t\t\t\t\t\t\t\t<\/a>\n\t\t\t\t\t\t\t<a class=\"e-gallery-item elementor-gallery-item elementor-animated-content\" href=\"https:\/\/excavacionsfigueres.com\/cat\/wp-content\/uploads\/2024\/05\/pavimento-estabilizado-Castello-Empuries-08.jpg\" data-elementor-open-lightbox=\"yes\" data-elementor-lightbox-slideshow=\"fe67f89\" data-elementor-lightbox-title=\"paviment estabilitzat Castell\u00f3 d&#039;Empuries\" data-elementor-lightbox-description=\"Estabilitzaci\u00f3 de terra amb cal a una pla\u00e7a de Castell\u00f2 d&#039;Emp\u00faries per Excavacions Figueres.\" data-e-action-hash=\"#elementor-action%3Aaction%3Dlightbox%26settings%3DeyJpZCI6NDU2OCwidXJsIjoiaHR0cHM6XC9cL2V4Y2F2YWNpb25zZmlndWVyZXMuY29tXC9jYXRcL3dwLWNvbnRlbnRcL3VwbG9hZHNcLzIwMjRcLzA1XC9wYXZpbWVudG8tZXN0YWJpbGl6YWRvLUNhc3RlbGxvLUVtcHVyaWVzLTA4LmpwZyIsInNsaWRlc2hvdyI6ImZlNjdmODkifQ%3D%3D\">\n\t\t\t\t\t<div class=\"e-gallery-image elementor-gallery-item__image\" data-thumbnail=\"https:\/\/excavacionsfigueres.com\/cat\/wp-content\/uploads\/2024\/05\/pavimento-estabilizado-Castello-Empuries-08-225x300.jpg\" data-width=\"225\" data-height=\"300\" aria-label=\"Estabilitzaci\u00f3 de terra amb cal a una pla\u00e7a de Castell\u00f2 d&#039;Emp\u00faries per Excavacions Figueres.\" role=\"img\" ><\/div>\n\t\t\t\t\t\t\t\t\t\t\t<div class=\"elementor-gallery-item__overlay\"><\/div>\n\t\t\t\t\t\t\t\t\t\t\t\t\t\t<\/a>\n\t\t\t\t\t\t\t<a class=\"e-gallery-item elementor-gallery-item elementor-animated-content\" href=\"https:\/\/excavacionsfigueres.com\/cat\/wp-content\/uploads\/2024\/05\/pavimento-estabilizado-Castello-Empuries-09.jpg\" data-elementor-open-lightbox=\"yes\" data-elementor-lightbox-slideshow=\"fe67f89\" data-elementor-lightbox-title=\"paviment estabilitzat Castell\u00f3 d&#039;Empuries\" data-elementor-lightbox-description=\"Estabilitzaci\u00f3 de terra amb cal a una pla\u00e7a de Castell\u00f2 d&#039;Emp\u00faries per Excavacions Figueres.\" data-e-action-hash=\"#elementor-action%3Aaction%3Dlightbox%26settings%3DeyJpZCI6NDU2OSwidXJsIjoiaHR0cHM6XC9cL2V4Y2F2YWNpb25zZmlndWVyZXMuY29tXC9jYXRcL3dwLWNvbnRlbnRcL3VwbG9hZHNcLzIwMjRcLzA1XC9wYXZpbWVudG8tZXN0YWJpbGl6YWRvLUNhc3RlbGxvLUVtcHVyaWVzLTA5LmpwZyIsInNsaWRlc2hvdyI6ImZlNjdmODkifQ%3D%3D\">\n\t\t\t\t\t<div class=\"e-gallery-image elementor-gallery-item__image\" data-thumbnail=\"https:\/\/excavacionsfigueres.com\/cat\/wp-content\/uploads\/2024\/05\/pavimento-estabilizado-Castello-Empuries-09-300x198.jpg\" data-width=\"300\" data-height=\"198\" aria-label=\"Estabilitzaci\u00f3 de terra amb cal a una pla\u00e7a de Castell\u00f2 d&#039;Emp\u00faries per Excavacions Figueres.\" role=\"img\" ><\/div>\n\t\t\t\t\t\t\t\t\t\t\t<div class=\"elementor-gallery-item__overlay\"><\/div>\n\t\t\t\t\t\t\t\t\t\t\t\t\t\t<\/a>\n\t\t\t\t\t<\/div>\n\t\t\t\t\t<\/div>\n\t\t\t\t<\/div>\n\t\t\t\t\t<\/div>\n\t\t\t\t<\/div>\n\t\t<div class=\"elementor-element elementor-element-292bbd2 e-flex e-con-boxed e-con e-parent\" data-id=\"292bbd2\" data-element_type=\"container\">\n\t\t\t\t\t<div class=\"e-con-inner\">\n\t\t<div class=\"elementor-element elementor-element-5218c72 e-con-full e-flex e-con e-child\" data-id=\"5218c72\" data-element_type=\"container\">\n\t\t<div class=\"elementor-element elementor-element-0a6e28e e-con-full e-flex elementor-invisible e-con e-child\" data-id=\"0a6e28e\" data-element_type=\"container\" data-settings=\"{&quot;animation&quot;:&quot;fadeInUp&quot;}\">\n\t\t<div class=\"elementor-element elementor-element-3bd718c e-con-full e-flex e-con e-child\" data-id=\"3bd718c\" data-element_type=\"container\" data-settings=\"{&quot;background_background&quot;:&quot;classic&quot;}\">\n\t\t\t\t<div class=\"elementor-element elementor-element-1da8025 elementor-widget elementor-widget-heading\" data-id=\"1da8025\" data-element_type=\"widget\" data-widget_type=\"heading.default\">\n\t\t\t\t<div class=\"elementor-widget-container\">\n\t\t\t\t\t<h4 class=\"elementor-heading-title elementor-size-default\">Dades de l'obra<\/h4>\t\t\t\t<\/div>\n\t\t\t\t<\/div>\n\t\t<div class=\"elementor-element elementor-element-ece2919 e-con-full e-flex e-con e-child\" data-id=\"ece2919\" data-element_type=\"container\">\n\t\t\t\t<div class=\"elementor-element elementor-element-65b91f2 elementor-widget elementor-widget-heading\" data-id=\"65b91f2\" data-element_type=\"widget\" data-widget_type=\"heading.default\">\n\t\t\t\t<div class=\"elementor-widget-container\">\n\t\t\t\t\t<p class=\"elementor-heading-title elementor-size-default\">Situaci\u00f3<\/p>\t\t\t\t<\/div>\n\t\t\t\t<\/div>\n\t\t\t\t<div class=\"elementor-element elementor-element-511ec7b elementor-widget elementor-widget-heading\" data-id=\"511ec7b\" data-element_type=\"widget\" data-widget_type=\"heading.default\">\n\t\t\t\t<div class=\"elementor-widget-container\">\n\t\t\t\t\t<p class=\"elementor-heading-title elementor-size-default\">Castell\u00f2 d'Emp\u00faries<\/p>\t\t\t\t<\/div>\n\t\t\t\t<\/div>\n\t\t\t\t<\/div>\n\t\t<div class=\"elementor-element elementor-element-1898545 e-con-full e-flex e-con e-child\" data-id=\"1898545\" data-element_type=\"container\">\n\t\t\t\t<div class=\"elementor-element elementor-element-b4e76df elementor-widget elementor-widget-heading\" data-id=\"b4e76df\" data-element_type=\"widget\" data-widget_type=\"heading.default\">\n\t\t\t\t<div class=\"elementor-widget-container\">\n\t\t\t\t\t<p class=\"elementor-heading-title elementor-size-default\">Any<\/p>\t\t\t\t<\/div>\n\t\t\t\t<\/div>\n\t\t\t\t<div class=\"elementor-element elementor-element-8566e25 elementor-widget elementor-widget-heading\" data-id=\"8566e25\" data-element_type=\"widget\" data-widget_type=\"heading.default\">\n\t\t\t\t<div class=\"elementor-widget-container\">\n\t\t\t\t\t<p class=\"elementor-heading-title elementor-size-default\">2024<\/p>\t\t\t\t<\/div>\n\t\t\t\t<\/div>\n\t\t\t\t<\/div>\n\t\t<div class=\"elementor-element elementor-element-06e0ce6 e-con-full e-flex e-con e-child\" data-id=\"06e0ce6\" data-element_type=\"container\">\n\t\t\t\t<div class=\"elementor-element elementor-element-37699f6 elementor-widget elementor-widget-heading\" data-id=\"37699f6\" data-element_type=\"widget\" data-widget_type=\"heading.default\">\n\t\t\t\t<div class=\"elementor-widget-container\">\n\t\t\t\t\t<p class=\"elementor-heading-title elementor-size-default\">Pressupost<\/p>\t\t\t\t<\/div>\n\t\t\t\t<\/div>\n\t\t\t\t<div class=\"elementor-element elementor-element-345fe20 elementor-widget elementor-widget-heading\" data-id=\"345fe20\" data-element_type=\"widget\" data-widget_type=\"heading.default\">\n\t\t\t\t<div class=\"elementor-widget-container\">\n\t\t\t\t\t<p class=\"elementor-heading-title elementor-size-default\">15.000 \u20ac<\/p>\t\t\t\t<\/div>\n\t\t\t\t<\/div>\n\t\t\t\t<\/div>\n\t\t\t\t<div class=\"elementor-element elementor-element-7bf024f elementor-shape-circle e-grid-align-left elementor-grid-0 elementor-widget elementor-widget-social-icons\" data-id=\"7bf024f\" data-element_type=\"widget\" data-widget_type=\"social-icons.default\">\n\t\t\t\t<div class=\"elementor-widget-container\">\n\t\t\t\t\t\t\t<div class=\"elementor-social-icons-wrapper elementor-grid\">\n\t\t\t\t\t\t\t<span class=\"elementor-grid-item\">\n\t\t\t\t\t<a class=\"elementor-icon elementor-social-icon elementor-social-icon-linkedin-in elementor-repeater-item-a325217\" href=\"https:\/\/www.linkedin.com\/company\/excavacions-figueres\" target=\"_blank\">\n\t\t\t\t\t\t<span class=\"elementor-screen-only\">Linkedin-in<\/span>\n\t\t\t\t\t\t<i class=\"fab fa-linkedin-in\"><\/i>\t\t\t\t\t<\/a>\n\t\t\t\t<\/span>\n\t\t\t\t\t\t\t<span class=\"elementor-grid-item\">\n\t\t\t\t\t<a class=\"elementor-icon elementor-social-icon elementor-social-icon-facebook-f elementor-repeater-item-ccf34b0\" href=\"https:\/\/www.facebook.com\/61557642402407\" target=\"_blank\">\n\t\t\t\t\t\t<span class=\"elementor-screen-only\">Facebook-f<\/span>\n\t\t\t\t\t\t<i class=\"fab fa-facebook-f\"><\/i>\t\t\t\t\t<\/a>\n\t\t\t\t<\/span>\n\t\t\t\t\t\t\t<span class=\"elementor-grid-item\">\n\t\t\t\t\t<a class=\"elementor-icon elementor-social-icon elementor-social-icon-x-twitter elementor-repeater-item-68ec606\" href=\"https:\/\/twitter.com\/excavfigueres\" target=\"_blank\">\n\t\t\t\t\t\t<span class=\"elementor-screen-only\">X-twitter<\/span>\n\t\t\t\t\t\t<i class=\"fab fa-x-twitter\"><\/i>\t\t\t\t\t<\/a>\n\t\t\t\t<\/span>\n\t\t\t\t\t<\/div>\n\t\t\t\t\t\t<\/div>\n\t\t\t\t<\/div>\n\t\t\t\t<\/div>\n\t\t\t\t<\/div>\n\t\t<div class=\"elementor-element elementor-element-1c83daa e-con-full e-flex elementor-invisible e-con e-child\" data-id=\"1c83daa\" data-element_type=\"container\" data-settings=\"{&quot;animation&quot;:&quot;fadeInUp&quot;}\">\n\t\t\t\t<div class=\"elementor-element elementor-element-d396ef6 elementor-widget elementor-widget-heading\" data-id=\"d396ef6\" data-element_type=\"widget\" data-widget_type=\"heading.default\">\n\t\t\t\t<div class=\"elementor-widget-container\">\n\t\t\t\t\t<h3 class=\"elementor-heading-title elementor-size-default\">Estabilitzaci\u00f3 de s\u00f2l amb cal\u00e7 a una pla\u00e7a de Castell\u00f2 d'Emp\u00faries<\/h3>\t\t\t\t<\/div>\n\t\t\t\t<\/div>\n\t\t\t\t<div class=\"elementor-element elementor-element-b0664af elementor-widget elementor-widget-text-editor\" data-id=\"b0664af\" data-element_type=\"widget\" data-widget_type=\"text-editor.default\">\n\t\t\t\t<div class=\"elementor-widget-container\">\n\t\t\t\t\t\t\t\t\t<p>A l&#8217;apassionant m\u00f3n de la construcci\u00f3 i l&#8217;enginyeria civil, els desafiaments sorgeixen constantment. Un dels problemes m\u00e9s comuns que s&#8217;enfronten als professionals del sector \u00e9s la dificultat associada amb s\u00f2ls d&#8217;argila i alt contingut d&#8217;aigua. En aquests casos, l&#8217;estabilitzaci\u00f3 del terra es converteix en una necessitat imperant. \u00c9s aqu\u00ed on entra en joc la t\u00e8cnica d&#8217;estabilitzaci\u00f3 amb cal\u00e7, una alternativa efectiva i eficient que ofereix resultats duradors i d&#8217;alta qualitat.<\/p><p>En aquest article, explorarem en profunditat l&#8217;aplicaci\u00f3 de l&#8217;estabilitzaci\u00f3 de terra amb cal\u00e7 a una pla\u00e7a de Castell\u00f2 d&#8217;Emp\u00faries, destacant el treball realitzat per l&#8217;empresa d&#8217;excavacions l\u00edder a la regi\u00f3, Excavacions Figueres. Des dels fonaments te\u00f2rics fins a l&#8217;aplicaci\u00f3 pr\u00e0ctica al terreny, desglossarem cada aspecte rellevant d&#8217;aquesta important obra.<\/p>\t\t\t\t\t\t\t\t<\/div>\n\t\t\t\t<\/div>\n\t\t\t\t<\/div>\n\t\t\t\t<\/div>\n\t\t<div class=\"elementor-element elementor-element-85a9f7c e-con-full e-flex elementor-invisible e-con e-child\" data-id=\"85a9f7c\" data-element_type=\"container\" data-settings=\"{&quot;animation&quot;:&quot;fadeInUp&quot;}\">\n\t\t\t\t<div class=\"elementor-element elementor-element-aea6df3 elementor-widget elementor-widget-heading\" data-id=\"aea6df3\" data-element_type=\"widget\" data-widget_type=\"heading.default\">\n\t\t\t\t<div class=\"elementor-widget-container\">\n\t\t\t\t\t<h3 class=\"elementor-heading-title elementor-size-default\">Fonaments de l'Estabilitzaci\u00f3 amb Cal<\/h3>\t\t\t\t<\/div>\n\t\t\t\t<\/div>\n\t\t\t\t<div class=\"elementor-element elementor-element-1f55a86 elementor-widget elementor-widget-text-editor\" data-id=\"1f55a86\" data-element_type=\"widget\" data-widget_type=\"text-editor.default\">\n\t\t\t\t<div class=\"elementor-widget-container\">\n\t\t\t\t\t\t\t\t\t<p>Abans de submergir-nos en el projecte espec\u00edfic dut a terme a Castell\u00f2 d&#8217;Emp\u00faries, \u00e9s crucial comprendre els fonaments de l&#8217;estabilitzaci\u00f3 del s\u00f2l amb cal\u00e7. Aquesta t\u00e8cnica implica la barreja i compactaci\u00f3 del s\u00f2l amb cal\u00e7 a\u00e8ria (visca o apagada) i aigua, amb l&#8217;objectiu de millorar-ne les propietats mec\u00e0niques i f\u00edsiques.<\/p><p>Els terres ideals per a aquest proc\u00e9s s\u00f3n aquells de granulometria fina i notable plasticitat. La cal\u00e7 utilitzada ha de tenir una alta riquesa en \u00f2xid de calci (CaO), generalment superior al 90%. Depenent de les condicions espec\u00edfiques, s&#8217;afegeix entre un 4-7% de cal\u00e7 apagada o un 2-5% de cal\u00e7 viva sobre el pes sec del terra.<\/p>\t\t\t\t\t\t\t\t<\/div>\n\t\t\t\t<\/div>\n\t\t\t\t<div class=\"elementor-element elementor-element-1da81f5 elementor-widget elementor-widget-heading\" data-id=\"1da81f5\" data-element_type=\"widget\" data-widget_type=\"heading.default\">\n\t\t\t\t<div class=\"elementor-widget-container\">\n\t\t\t\t\t<h3 class=\"elementor-heading-title elementor-size-default\">Proc\u00e9s d'execuci\u00f3<\/h3>\t\t\t\t<\/div>\n\t\t\t\t<\/div>\n\t\t\t\t<div class=\"elementor-element elementor-element-06da420 elementor-widget elementor-widget-heading\" data-id=\"06da420\" data-element_type=\"widget\" data-widget_type=\"heading.default\">\n\t\t\t\t<div class=\"elementor-widget-container\">\n\t\t\t\t\t<h4 class=\"elementor-heading-title elementor-size-default\">Distribuci\u00f3 Uniforme de la Cal<\/h4>\t\t\t\t<\/div>\n\t\t\t\t<\/div>\n\t\t\t\t<div class=\"elementor-element elementor-element-1f9fe60 elementor-widget elementor-widget-text-editor\" data-id=\"1f9fe60\" data-element_type=\"widget\" data-widget_type=\"text-editor.default\">\n\t\t\t\t<div class=\"elementor-widget-container\">\n\t\t\t\t\t\t\t\t\t<p>El primer pas del proc\u00e9s va involucrar la distribuci\u00f3 uniforme de la cal\u00e7 sobre la superf\u00edcie de treball. Per aconseguir aix\u00f2, es van utilitzar equips mec\u00e0nics especialitzats, assegurant una dosificaci\u00f3 precisa i consistent. La cal\u00e7, ja sigui en forma de pols o en una beurada hidratada, es va aplicar segons les especificacions t\u00e8cniques establertes per garantir resultats \u00f2ptims.<\/p>\t\t\t\t\t\t\t\t<\/div>\n\t\t\t\t<\/div>\n\t\t\t\t<div class=\"elementor-element elementor-element-ef4ebfe elementor-widget elementor-widget-heading\" data-id=\"ef4ebfe\" data-element_type=\"widget\" data-widget_type=\"heading.default\">\n\t\t\t\t<div class=\"elementor-widget-container\">\n\t\t\t\t\t<h4 class=\"elementor-heading-title elementor-size-default\">Barrejat i Compactaci\u00f3<\/h4>\t\t\t\t<\/div>\n\t\t\t\t<\/div>\n\t\t\t\t<div class=\"elementor-element elementor-element-d0173a4 elementor-widget elementor-widget-text-editor\" data-id=\"d0173a4\" data-element_type=\"widget\" data-widget_type=\"text-editor.default\">\n\t\t\t\t<div class=\"elementor-widget-container\">\n\t\t\t\t\t\t\t\t\t<p>Un cop distribu\u00efda la cal\u00e7, es va procedir al barrejat i compactaci\u00f3 del s\u00f2l. Aquest pas crucial es va dur a terme utilitzant equips moderns i eficients, equipats amb mescladors dissenyats per garantir una distribuci\u00f3 homog\u00e8nia dels materials. El proc\u00e9s es va dividir en etapes, amb un temps de reacci\u00f3 intermedi acuradament calculat per maximitzar l&#8217;efectivitat de l&#8217;estabilitzaci\u00f3.<\/p>\t\t\t\t\t\t\t\t<\/div>\n\t\t\t\t<\/div>\n\t\t\t\t<div class=\"elementor-element elementor-element-74683c9 elementor-widget elementor-widget-gallery\" data-id=\"74683c9\" data-element_type=\"widget\" data-settings=\"{&quot;gallery_layout&quot;:&quot;justified&quot;,&quot;lazyload&quot;:&quot;yes&quot;,&quot;ideal_row_height&quot;:{&quot;unit&quot;:&quot;px&quot;,&quot;size&quot;:200,&quot;sizes&quot;:[]},&quot;ideal_row_height_laptop&quot;:{&quot;unit&quot;:&quot;px&quot;,&quot;size&quot;:150,&quot;sizes&quot;:[]},&quot;ideal_row_height_tablet_extra&quot;:{&quot;unit&quot;:&quot;px&quot;,&quot;size&quot;:150,&quot;sizes&quot;:[]},&quot;ideal_row_height_tablet&quot;:{&quot;unit&quot;:&quot;px&quot;,&quot;size&quot;:150,&quot;sizes&quot;:[]},&quot;ideal_row_height_mobile&quot;:{&quot;unit&quot;:&quot;px&quot;,&quot;size&quot;:150,&quot;sizes&quot;:[]},&quot;gap&quot;:{&quot;unit&quot;:&quot;px&quot;,&quot;size&quot;:10,&quot;sizes&quot;:[]},&quot;gap_laptop&quot;:{&quot;unit&quot;:&quot;px&quot;,&quot;size&quot;:10,&quot;sizes&quot;:[]},&quot;gap_tablet_extra&quot;:{&quot;unit&quot;:&quot;px&quot;,&quot;size&quot;:10,&quot;sizes&quot;:[]},&quot;gap_tablet&quot;:{&quot;unit&quot;:&quot;px&quot;,&quot;size&quot;:10,&quot;sizes&quot;:[]},&quot;gap_mobile&quot;:{&quot;unit&quot;:&quot;px&quot;,&quot;size&quot;:10,&quot;sizes&quot;:[]},&quot;link_to&quot;:&quot;file&quot;,&quot;overlay_background&quot;:&quot;yes&quot;,&quot;content_hover_animation&quot;:&quot;fade-in&quot;}\" data-widget_type=\"gallery.default\">\n\t\t\t\t<div class=\"elementor-widget-container\">\n\t\t\t\t\t\t\t<div class=\"elementor-gallery__container\">\n\t\t\t\t\t\t\t<a class=\"e-gallery-item elementor-gallery-item elementor-animated-content\" href=\"https:\/\/excavacionsfigueres.com\/cat\/wp-content\/uploads\/2024\/05\/pavimento-estabilizado-Castello-Empuries-17.jpg\" data-elementor-open-lightbox=\"yes\" data-elementor-lightbox-slideshow=\"74683c9\" data-elementor-lightbox-title=\"paviment estabilitzat Castell\u00f3 d&#039;Empuries\" data-elementor-lightbox-description=\"Estabilitzaci\u00f3 de terra amb cal a una pla\u00e7a de Castell\u00f2 d&#039;Emp\u00faries per Excavacions Figueres.\" data-e-action-hash=\"#elementor-action%3Aaction%3Dlightbox%26settings%3DeyJpZCI6NDU3MSwidXJsIjoiaHR0cHM6XC9cL2V4Y2F2YWNpb25zZmlndWVyZXMuY29tXC9jYXRcL3dwLWNvbnRlbnRcL3VwbG9hZHNcLzIwMjRcLzA1XC9wYXZpbWVudG8tZXN0YWJpbGl6YWRvLUNhc3RlbGxvLUVtcHVyaWVzLTE3LmpwZyIsInNsaWRlc2hvdyI6Ijc0NjgzYzkifQ%3D%3D\">\n\t\t\t\t\t<div class=\"e-gallery-image elementor-gallery-item__image\" data-thumbnail=\"https:\/\/excavacionsfigueres.com\/cat\/wp-content\/uploads\/2024\/05\/pavimento-estabilizado-Castello-Empuries-17-300x172.jpg\" data-width=\"300\" data-height=\"172\" aria-label=\"Estabilitzaci\u00f3 de terra amb cal a una pla\u00e7a de Castell\u00f2 d&#039;Emp\u00faries per Excavacions Figueres.\" role=\"img\" ><\/div>\n\t\t\t\t\t\t\t\t\t\t\t<div class=\"elementor-gallery-item__overlay\"><\/div>\n\t\t\t\t\t\t\t\t\t\t\t\t\t\t<\/a>\n\t\t\t\t\t\t\t<a class=\"e-gallery-item elementor-gallery-item elementor-animated-content\" href=\"https:\/\/excavacionsfigueres.com\/cat\/wp-content\/uploads\/2024\/05\/pavimento-estabilizado-Castello-Empuries-16.jpg\" data-elementor-open-lightbox=\"yes\" data-elementor-lightbox-slideshow=\"74683c9\" data-elementor-lightbox-title=\"paviment estabilitzat Castell\u00f3 d&#039;Empuries\" data-elementor-lightbox-description=\"Estabilitzaci\u00f3 de terra amb cal a una pla\u00e7a de Castell\u00f2 d&#039;Emp\u00faries per Excavacions Figueres.\" data-e-action-hash=\"#elementor-action%3Aaction%3Dlightbox%26settings%3DeyJpZCI6NDU3MiwidXJsIjoiaHR0cHM6XC9cL2V4Y2F2YWNpb25zZmlndWVyZXMuY29tXC9jYXRcL3dwLWNvbnRlbnRcL3VwbG9hZHNcLzIwMjRcLzA1XC9wYXZpbWVudG8tZXN0YWJpbGl6YWRvLUNhc3RlbGxvLUVtcHVyaWVzLTE2LmpwZyIsInNsaWRlc2hvdyI6Ijc0NjgzYzkifQ%3D%3D\">\n\t\t\t\t\t<div class=\"e-gallery-image elementor-gallery-item__image\" data-thumbnail=\"https:\/\/excavacionsfigueres.com\/cat\/wp-content\/uploads\/2024\/05\/pavimento-estabilizado-Castello-Empuries-16-300x183.jpg\" data-width=\"300\" data-height=\"183\" aria-label=\"Estabilitzaci\u00f3 de terra amb cal a una pla\u00e7a de Castell\u00f2 d&#039;Emp\u00faries per Excavacions Figueres.\" role=\"img\" ><\/div>\n\t\t\t\t\t\t\t\t\t\t\t<div class=\"elementor-gallery-item__overlay\"><\/div>\n\t\t\t\t\t\t\t\t\t\t\t\t\t\t<\/a>\n\t\t\t\t\t\t\t<a class=\"e-gallery-item elementor-gallery-item elementor-animated-content\" href=\"https:\/\/excavacionsfigueres.com\/cat\/wp-content\/uploads\/2024\/05\/pavimento-estabilizado-Castello-Empuries-15.jpg\" data-elementor-open-lightbox=\"yes\" data-elementor-lightbox-slideshow=\"74683c9\" data-elementor-lightbox-title=\"paviment estabilitzat Castell\u00f3 d&#039;Empuries\" data-elementor-lightbox-description=\"Estabilitzaci\u00f3 de terra amb cal a una pla\u00e7a de Castell\u00f2 d&#039;Emp\u00faries per Excavacions Figueres.\" data-e-action-hash=\"#elementor-action%3Aaction%3Dlightbox%26settings%3DeyJpZCI6NDU3MywidXJsIjoiaHR0cHM6XC9cL2V4Y2F2YWNpb25zZmlndWVyZXMuY29tXC9jYXRcL3dwLWNvbnRlbnRcL3VwbG9hZHNcLzIwMjRcLzA1XC9wYXZpbWVudG8tZXN0YWJpbGl6YWRvLUNhc3RlbGxvLUVtcHVyaWVzLTE1LmpwZyIsInNsaWRlc2hvdyI6Ijc0NjgzYzkifQ%3D%3D\">\n\t\t\t\t\t<div class=\"e-gallery-image elementor-gallery-item__image\" data-thumbnail=\"https:\/\/excavacionsfigueres.com\/cat\/wp-content\/uploads\/2024\/05\/pavimento-estabilizado-Castello-Empuries-15-300x168.jpg\" data-width=\"300\" data-height=\"168\" aria-label=\"Estabilitzaci\u00f3 de terra amb cal a una pla\u00e7a de Castell\u00f2 d&#039;Emp\u00faries per Excavacions Figueres.\" role=\"img\" ><\/div>\n\t\t\t\t\t\t\t\t\t\t\t<div class=\"elementor-gallery-item__overlay\"><\/div>\n\t\t\t\t\t\t\t\t\t\t\t\t\t\t<\/a>\n\t\t\t\t\t\t\t<a class=\"e-gallery-item elementor-gallery-item elementor-animated-content\" href=\"https:\/\/excavacionsfigueres.com\/cat\/wp-content\/uploads\/2024\/05\/pavimento-estabilizado-Castello-Empuries-14.jpg\" data-elementor-open-lightbox=\"yes\" data-elementor-lightbox-slideshow=\"74683c9\" data-elementor-lightbox-title=\"paviment estabilitzat Castell\u00f3 d&#039;Empuries\" data-elementor-lightbox-description=\"Estabilitzaci\u00f3 de terra amb cal a una pla\u00e7a de Castell\u00f2 d&#039;Emp\u00faries per Excavacions Figueres.\" data-e-action-hash=\"#elementor-action%3Aaction%3Dlightbox%26settings%3DeyJpZCI6NDU3NCwidXJsIjoiaHR0cHM6XC9cL2V4Y2F2YWNpb25zZmlndWVyZXMuY29tXC9jYXRcL3dwLWNvbnRlbnRcL3VwbG9hZHNcLzIwMjRcLzA1XC9wYXZpbWVudG8tZXN0YWJpbGl6YWRvLUNhc3RlbGxvLUVtcHVyaWVzLTE0LmpwZyIsInNsaWRlc2hvdyI6Ijc0NjgzYzkifQ%3D%3D\">\n\t\t\t\t\t<div class=\"e-gallery-image elementor-gallery-item__image\" data-thumbnail=\"https:\/\/excavacionsfigueres.com\/cat\/wp-content\/uploads\/2024\/05\/pavimento-estabilizado-Castello-Empuries-14-300x181.jpg\" data-width=\"300\" data-height=\"181\" aria-label=\"Estabilitzaci\u00f3 de terra amb cal a una pla\u00e7a de Castell\u00f2 d&#039;Emp\u00faries per Excavacions Figueres.\" role=\"img\" ><\/div>\n\t\t\t\t\t\t\t\t\t\t\t<div class=\"elementor-gallery-item__overlay\"><\/div>\n\t\t\t\t\t\t\t\t\t\t\t\t\t\t<\/a>\n\t\t\t\t\t\t\t<a class=\"e-gallery-item elementor-gallery-item elementor-animated-content\" href=\"https:\/\/excavacionsfigueres.com\/cat\/wp-content\/uploads\/2024\/05\/pavimento-estabilizado-Castello-Empuries-13.jpg\" data-elementor-open-lightbox=\"yes\" data-elementor-lightbox-slideshow=\"74683c9\" data-elementor-lightbox-title=\"paviment estabilitzat Castell\u00f3 d&#039;Empuries\" data-elementor-lightbox-description=\"Estabilitzaci\u00f3 de terra amb cal a una pla\u00e7a de Castell\u00f2 d&#039;Emp\u00faries per Excavacions Figueres.\" data-e-action-hash=\"#elementor-action%3Aaction%3Dlightbox%26settings%3DeyJpZCI6NDU3NSwidXJsIjoiaHR0cHM6XC9cL2V4Y2F2YWNpb25zZmlndWVyZXMuY29tXC9jYXRcL3dwLWNvbnRlbnRcL3VwbG9hZHNcLzIwMjRcLzA1XC9wYXZpbWVudG8tZXN0YWJpbGl6YWRvLUNhc3RlbGxvLUVtcHVyaWVzLTEzLmpwZyIsInNsaWRlc2hvdyI6Ijc0NjgzYzkifQ%3D%3D\">\n\t\t\t\t\t<div class=\"e-gallery-image elementor-gallery-item__image\" data-thumbnail=\"https:\/\/excavacionsfigueres.com\/cat\/wp-content\/uploads\/2024\/05\/pavimento-estabilizado-Castello-Empuries-13-300x188.jpg\" data-width=\"300\" data-height=\"188\" aria-label=\"Estabilitzaci\u00f3 de terra amb cal a una pla\u00e7a de Castell\u00f2 d&#039;Emp\u00faries per Excavacions Figueres.\" role=\"img\" ><\/div>\n\t\t\t\t\t\t\t\t\t\t\t<div class=\"elementor-gallery-item__overlay\"><\/div>\n\t\t\t\t\t\t\t\t\t\t\t\t\t\t<\/a>\n\t\t\t\t\t\t\t<a class=\"e-gallery-item elementor-gallery-item elementor-animated-content\" href=\"https:\/\/excavacionsfigueres.com\/cat\/wp-content\/uploads\/2024\/05\/pavimento-estabilizado-Castello-Empuries-12.jpg\" data-elementor-open-lightbox=\"yes\" data-elementor-lightbox-slideshow=\"74683c9\" data-elementor-lightbox-title=\"paviment estabilitzat Castell\u00f3 d&#039;Empuries\" data-elementor-lightbox-description=\"Estabilitzaci\u00f3 de terra amb cal a una pla\u00e7a de Castell\u00f2 d&#039;Emp\u00faries per Excavacions Figueres.\" data-e-action-hash=\"#elementor-action%3Aaction%3Dlightbox%26settings%3DeyJpZCI6NDU3NiwidXJsIjoiaHR0cHM6XC9cL2V4Y2F2YWNpb25zZmlndWVyZXMuY29tXC9jYXRcL3dwLWNvbnRlbnRcL3VwbG9hZHNcLzIwMjRcLzA1XC9wYXZpbWVudG8tZXN0YWJpbGl6YWRvLUNhc3RlbGxvLUVtcHVyaWVzLTEyLmpwZyIsInNsaWRlc2hvdyI6Ijc0NjgzYzkifQ%3D%3D\">\n\t\t\t\t\t<div class=\"e-gallery-image elementor-gallery-item__image\" data-thumbnail=\"https:\/\/excavacionsfigueres.com\/cat\/wp-content\/uploads\/2024\/05\/pavimento-estabilizado-Castello-Empuries-12-300x189.jpg\" data-width=\"300\" data-height=\"189\" aria-label=\"Estabilitzaci\u00f3 de terra amb cal a una pla\u00e7a de Castell\u00f2 d&#039;Emp\u00faries per Excavacions Figueres.\" role=\"img\" ><\/div>\n\t\t\t\t\t\t\t\t\t\t\t<div class=\"elementor-gallery-item__overlay\"><\/div>\n\t\t\t\t\t\t\t\t\t\t\t\t\t\t<\/a>\n\t\t\t\t\t\t\t<a class=\"e-gallery-item elementor-gallery-item elementor-animated-content\" href=\"https:\/\/excavacionsfigueres.com\/cat\/wp-content\/uploads\/2024\/05\/pavimento-estabilizado-Castello-Empuries-11.jpg\" data-elementor-open-lightbox=\"yes\" data-elementor-lightbox-slideshow=\"74683c9\" data-elementor-lightbox-title=\"paviment estabilitzat Castell\u00f3 d&#039;Empuries\" data-elementor-lightbox-description=\"Estabilitzaci\u00f3 de terra amb cal a una pla\u00e7a de Castell\u00f2 d&#039;Emp\u00faries per Excavacions Figueres.\" data-e-action-hash=\"#elementor-action%3Aaction%3Dlightbox%26settings%3DeyJpZCI6NDU3NywidXJsIjoiaHR0cHM6XC9cL2V4Y2F2YWNpb25zZmlndWVyZXMuY29tXC9jYXRcL3dwLWNvbnRlbnRcL3VwbG9hZHNcLzIwMjRcLzA1XC9wYXZpbWVudG8tZXN0YWJpbGl6YWRvLUNhc3RlbGxvLUVtcHVyaWVzLTExLmpwZyIsInNsaWRlc2hvdyI6Ijc0NjgzYzkifQ%3D%3D\">\n\t\t\t\t\t<div class=\"e-gallery-image elementor-gallery-item__image\" data-thumbnail=\"https:\/\/excavacionsfigueres.com\/cat\/wp-content\/uploads\/2024\/05\/pavimento-estabilizado-Castello-Empuries-11-300x225.jpg\" data-width=\"300\" data-height=\"225\" aria-label=\"Estabilitzaci\u00f3 de terra amb cal a una pla\u00e7a de Castell\u00f2 d&#039;Emp\u00faries per Excavacions Figueres.\" role=\"img\" ><\/div>\n\t\t\t\t\t\t\t\t\t\t\t<div class=\"elementor-gallery-item__overlay\"><\/div>\n\t\t\t\t\t\t\t\t\t\t\t\t\t\t<\/a>\n\t\t\t\t\t\t\t<a class=\"e-gallery-item elementor-gallery-item elementor-animated-content\" href=\"https:\/\/excavacionsfigueres.com\/cat\/wp-content\/uploads\/2024\/05\/pavimento-estabilizado-Castello-Empuries-10.jpg\" data-elementor-open-lightbox=\"yes\" data-elementor-lightbox-slideshow=\"74683c9\" data-elementor-lightbox-title=\"paviment estabilitzat Castell\u00f3 d&#039;Empuries\" data-elementor-lightbox-description=\"Estabilitzaci\u00f3 de terra amb cal a una pla\u00e7a de Castell\u00f2 d&#039;Emp\u00faries per Excavacions Figueres.\" data-e-action-hash=\"#elementor-action%3Aaction%3Dlightbox%26settings%3DeyJpZCI6NDU3OCwidXJsIjoiaHR0cHM6XC9cL2V4Y2F2YWNpb25zZmlndWVyZXMuY29tXC9jYXRcL3dwLWNvbnRlbnRcL3VwbG9hZHNcLzIwMjRcLzA1XC9wYXZpbWVudG8tZXN0YWJpbGl6YWRvLUNhc3RlbGxvLUVtcHVyaWVzLTEwLmpwZyIsInNsaWRlc2hvdyI6Ijc0NjgzYzkifQ%3D%3D\">\n\t\t\t\t\t<div class=\"e-gallery-image elementor-gallery-item__image\" data-thumbnail=\"https:\/\/excavacionsfigueres.com\/cat\/wp-content\/uploads\/2024\/05\/pavimento-estabilizado-Castello-Empuries-10-300x225.jpg\" data-width=\"300\" data-height=\"225\" aria-label=\"Estabilitzaci\u00f3 de terra amb cal a una pla\u00e7a de Castell\u00f2 d&#039;Emp\u00faries per Excavacions Figueres.\" role=\"img\" ><\/div>\n\t\t\t\t\t\t\t\t\t\t\t<div class=\"elementor-gallery-item__overlay\"><\/div>\n\t\t\t\t\t\t\t\t\t\t\t\t\t\t<\/a>\n\t\t\t\t\t<\/div>\n\t\t\t\t\t<\/div>\n\t\t\t\t<\/div>\n\t\t\t\t<div class=\"elementor-element elementor-element-164ed36 elementor-widget elementor-widget-heading\" data-id=\"164ed36\" data-element_type=\"widget\" data-widget_type=\"heading.default\">\n\t\t\t\t<div class=\"elementor-widget-container\">\n\t\t\t\t\t<h3 class=\"elementor-heading-title elementor-size-default\">Beneficis i resultats<\/h3>\t\t\t\t<\/div>\n\t\t\t\t<\/div>\n\t\t\t\t<div class=\"elementor-element elementor-element-2088dc8 elementor-widget elementor-widget-text-editor\" data-id=\"2088dc8\" data-element_type=\"widget\" data-widget_type=\"text-editor.default\">\n\t\t\t\t<div class=\"elementor-widget-container\">\n\t\t\t\t\t\t\t\t\t<p>L&#8217;estabilitzaci\u00f3 del terra amb cal\u00e7 a la pla\u00e7a de Castell\u00f2 d&#8217;Emp\u00faries va produir una s\u00e8rie de beneficis significatius. Entre ells s&#8217;hi inclouen:<\/p>\t\t\t\t\t\t\t\t<\/div>\n\t\t\t\t<\/div>\n\t\t\t\t<div class=\"elementor-element elementor-element-0139286 elementor-widget elementor-widget-limestone-check-list\" data-id=\"0139286\" data-element_type=\"widget\" data-widget_type=\"limestone-check-list.default\">\n\t\t\t\t<div class=\"elementor-widget-container\">\n\t\t\t\t\t    <ul class=\"limestone-check-list icon-left\">\r\n                    <li>\r\n                                <span class=\"list-icon\">\r\n\t\t\t\t\t<i class=\"fas fa-check\"><\/i>                <\/span>\r\n                <span class=\"list-text\">\r\n                    Millora de les propietats mec\u00e0niques del terra, augmentant la seva capacitat de c\u00e0rrega i resist\u00e8ncia.                <\/span>\r\n            <\/li>\r\n                    <li>\r\n                                <span class=\"list-icon\">\r\n\t\t\t\t\t<i class=\"fas fa-check\"><\/i>                <\/span>\r\n                <span class=\"list-text\">\r\n                    Reducci\u00f3 de la susceptibilitat del s\u00f2l a laigua, mitigant els efectes negatius de la humitat.                <\/span>\r\n            <\/li>\r\n                    <li>\r\n                                <span class=\"list-icon\">\r\n\t\t\t\t\t<i class=\"fas fa-check\"><\/i>                <\/span>\r\n                <span class=\"list-text\">\r\n                    Increment de la durabilitat i longevitat de l&#039;estructura, garantint una vida \u00fatil m\u00e9s gran.                <\/span>\r\n            <\/li>\r\n                    <li>\r\n                                <span class=\"list-icon\">\r\n\t\t\t\t\t<i class=\"fas fa-check\"><\/i>                <\/span>\r\n                <span class=\"list-text\">\r\n                    Optimitzaci\u00f3 del proc\u00e9s de construcci\u00f3, reduint els costos i els temps dexecuci\u00f3.                <\/span>\r\n            <\/li>\r\n                    <li>\r\n                                <span class=\"list-icon\">\r\n\t\t\t\t\t<i class=\"fas fa-check\"><\/i>                <\/span>\r\n                <span class=\"list-text\">\r\n                    Dimensions compactes i gir de cua del darrere redu\u00eft per a estabilitat en espais redu\u00efts                <\/span>\r\n            <\/li>\r\n            <\/ul>\r\n    \t\t\t\t<\/div>\n\t\t\t\t<\/div>\n\t\t\t\t<div class=\"elementor-element elementor-element-f1cc193 elementor-widget elementor-widget-image\" data-id=\"f1cc193\" data-element_type=\"widget\" data-widget_type=\"image.default\">\n\t\t\t\t<div class=\"elementor-widget-container\">\n\t\t\t\t\t\t\t\t\t\t\t\t\t\t\t<img fetchpriority=\"high\" decoding=\"async\" width=\"1920\" height=\"1160\" src=\"https:\/\/excavacionsfigueres.com\/cat\/wp-content\/uploads\/2024\/05\/pavimento-estabilizado-Castello-Empuries-14.jpg\" class=\"attachment-full size-full wp-image-4574\" alt=\"Estabilitzaci\u00f3 de terra amb cal a una pla\u00e7a de Castell\u00f2 d&#039;Emp\u00faries per Excavacions Figueres.\" srcset=\"https:\/\/excavacionsfigueres.com\/cat\/wp-content\/uploads\/2024\/05\/pavimento-estabilizado-Castello-Empuries-14.jpg 1920w, https:\/\/excavacionsfigueres.com\/cat\/wp-content\/uploads\/2024\/05\/pavimento-estabilizado-Castello-Empuries-14-300x181.jpg 300w, https:\/\/excavacionsfigueres.com\/cat\/wp-content\/uploads\/2024\/05\/pavimento-estabilizado-Castello-Empuries-14-1024x619.jpg 1024w, https:\/\/excavacionsfigueres.com\/cat\/wp-content\/uploads\/2024\/05\/pavimento-estabilizado-Castello-Empuries-14-768x464.jpg 768w, https:\/\/excavacionsfigueres.com\/cat\/wp-content\/uploads\/2024\/05\/pavimento-estabilizado-Castello-Empuries-14-1536x928.jpg 1536w\" sizes=\"(max-width: 1920px) 100vw, 1920px\" \/>\t\t\t\t\t\t\t\t\t\t\t\t\t\t\t<\/div>\n\t\t\t\t<\/div>\n\t\t\t\t<div class=\"elementor-element elementor-element-8d07452 elementor-widget elementor-widget-heading\" data-id=\"8d07452\" data-element_type=\"widget\" data-widget_type=\"heading.default\">\n\t\t\t\t<div class=\"elementor-widget-container\">\n\t\t\t\t\t<h3 class=\"elementor-heading-title elementor-size-default\">Conclusions<\/h3>\t\t\t\t<\/div>\n\t\t\t\t<\/div>\n\t\t\t\t<div class=\"elementor-element elementor-element-e1ec1f3 elementor-widget elementor-widget-text-editor\" data-id=\"e1ec1f3\" data-element_type=\"widget\" data-widget_type=\"text-editor.default\">\n\t\t\t\t<div class=\"elementor-widget-container\">\n\t\t\t\t\t\t\t\t\t<p>En resum, l&#8217;estabilitzaci\u00f3 de s\u00f2l amb cal\u00e7 emergeix com una soluci\u00f3 altament efectiva per als desafiaments associats amb s\u00f2ls problem\u00e0tics en projectes de construcci\u00f3. L&#8217;obra realitzada per Excavacions Figueres a la pla\u00e7a de Castell\u00f2 d\u00b4Emp\u00faries \u00e9s un testimoni eloq\u00fcent dels beneficis tangibles que aquesta t\u00e8cnica pot oferir. Combinant experi\u00e8ncia t\u00e8cnica, equips especialitzats i un enfocament centrat en la qualitat, Excavacions Figueres ha establert un nou est\u00e0ndard d&#8217;excel\u00b7l\u00e8ncia en el camp de l&#8217;estabilitzaci\u00f3 de s\u00f2ls.<\/p><p>Per a futurs projectes de construcci\u00f3 que enfrontin desafiaments similars, l&#8217;estabilitzaci\u00f3 de s\u00f2ls amb cal\u00e7 es presenta com una opci\u00f3 fiable i eficient, capa\u00e7 de proporcionar resultats excel\u00b7lents en termes de rendiment i durabilitat. Amb un enfocament adequat i el suport de professionals qualificats, \u00e9s possible superar fins i tot els obstacles m\u00e9s dif\u00edcils i dur a terme projectes d&#8217;\u00e8xit que perdurin en el temps.<\/p>\t\t\t\t\t\t\t\t<\/div>\n\t\t\t\t<\/div>\n\t\t\t\t<\/div>\n\t\t\t\t\t<\/div>\n\t\t\t\t<\/div>\n\t\t\t\t<\/div>\n\t\t","protected":false},"excerpt":{"rendered":"<p>Dades de l&#8217;obra Situaci\u00f3 Castell\u00f2 d&#8217;Emp\u00faries Any 2024 Pressupost 15.000 \u20ac Linkedin-in Facebook-f X-twitter Estabilitzaci\u00f3 de s\u00f2l amb cal\u00e7 a una pla\u00e7a de Castell\u00f2 d&#8217;Emp\u00faries A l&#8217;apassionant m\u00f3n de la construcci\u00f3 i l&#8217;enginyeria civil, els desafiaments sorgeixen constantment. Un dels problemes m\u00e9s comuns que s&#8217;enfronten als professionals del sector \u00e9s la dificultat associada amb s\u00f2ls [&hellip;]<\/p>\n","protected":false},"author":1,"featured_media":4567,"parent":137,"menu_order":0,"comment_status":"closed","ping_status":"closed","template":"","meta":{"footnotes":""},"class_list":["post-4559","page","type-page","status-publish","has-post-thumbnail","hentry"],"yoast_head":"<!-- This site is optimized with the Yoast SEO Premium plugin v22.6 (Yoast SEO v24.2) - https:\/\/yoast.com\/wordpress\/plugins\/seo\/ -->\n<title>Estabilitzaci\u00f3 de s\u00f2l a Castell\u00f2 d&#039;Emp\u00faries - Excavacions Figueres<\/title>\n<meta name=\"description\" content=\"Descobreix com duem a terme l&#039;estabilitzaci\u00f3 de terra amb cal\u00e7 a una pla\u00e7a de Castell\u00f2 d&#039;Emp\u00faries. Una soluci\u00f3 duradora i efectiva.\" \/>\n<meta name=\"robots\" content=\"index, follow, max-snippet:-1, max-image-preview:large, max-video-preview:-1\" \/>\n<link rel=\"canonical\" href=\"https:\/\/excavacionsfigueres.com\/cat\/empresa\/estabilitzacio-sol-castello-empuries\/\" \/>\n<meta property=\"og:locale\" content=\"ca_ES\" \/>\n<meta property=\"og:type\" content=\"article\" \/>\n<meta property=\"og:title\" content=\"Estabilitzaci\u00f3 de s\u00f2l a Castell\u00f2 d&#039;Emp\u00faries\" \/>\n<meta property=\"og:description\" content=\"Explora com realitzem l&#039;estabilitzaci\u00f3 de terra amb cal a Castell\u00f2 d&#039;Emp\u00faries. Una soluci\u00f3 eficient per a s\u00f2ls problem\u00e0tics.\" \/>\n<meta property=\"og:url\" content=\"https:\/\/excavacionsfigueres.com\/cat\/empresa\/estabilitzacio-sol-castello-empuries\/\" \/>\n<meta property=\"og:site_name\" content=\"Excavacions Figueres\" \/>\n<meta property=\"article:publisher\" content=\"https:\/\/www.facebook.com\/61557642402407\" \/>\n<meta property=\"article:modified_time\" content=\"2024-05-11T11:37:45+00:00\" \/>\n<meta property=\"og:image\" content=\"https:\/\/excavacionsfigueres.com\/cat\/wp-content\/uploads\/2024\/05\/pavimento-estabilizado-Castello-Empuries-07.jpg\" \/>\n\t<meta property=\"og:image:width\" content=\"1920\" \/>\n\t<meta property=\"og:image:height\" content=\"1240\" \/>\n\t<meta property=\"og:image:type\" content=\"image\/jpeg\" \/>\n<meta name=\"twitter:card\" content=\"summary_large_image\" \/>\n<meta name=\"twitter:description\" content=\"Apr\u00e8n sobre l&#039;estabilitzaci\u00f3 de terra amb cal a Castell\u00f2 d&#039;Emp\u00faries amb Excavacions Figueres. Una t\u00e8cnica efica\u00e7 per a s\u00f2ls dif\u00edcils.\" \/>\n<meta name=\"twitter:site\" content=\"@excavfigueres\" \/>\n<meta name=\"twitter:label1\" content=\"Temps estimat de lectura\" \/>\n\t<meta name=\"twitter:data1\" content=\"4 minuts\" \/>\n<script type=\"application\/ld+json\" class=\"yoast-schema-graph\">{\"@context\":\"https:\/\/schema.org\",\"@graph\":[{\"@type\":\"WebPage\",\"@id\":\"https:\/\/excavacionsfigueres.com\/cat\/empresa\/estabilitzacio-sol-castello-empuries\/\",\"url\":\"https:\/\/excavacionsfigueres.com\/cat\/empresa\/estabilitzacio-sol-castello-empuries\/\",\"name\":\"Estabilitzaci\u00f3 de s\u00f2l a Castell\u00f2 d'Emp\u00faries - Excavacions Figueres\",\"isPartOf\":{\"@id\":\"https:\/\/excavacionsfigueres.com\/cat\/#website\"},\"primaryImageOfPage\":{\"@id\":\"https:\/\/excavacionsfigueres.com\/cat\/empresa\/estabilitzacio-sol-castello-empuries\/#primaryimage\"},\"image\":{\"@id\":\"https:\/\/excavacionsfigueres.com\/cat\/empresa\/estabilitzacio-sol-castello-empuries\/#primaryimage\"},\"thumbnailUrl\":\"https:\/\/excavacionsfigueres.com\/cat\/wp-content\/uploads\/2024\/05\/pavimento-estabilizado-Castello-Empuries-07.jpg\",\"datePublished\":\"2024-05-11T11:19:42+00:00\",\"dateModified\":\"2024-05-11T11:37:45+00:00\",\"description\":\"Descobreix com duem a terme l'estabilitzaci\u00f3 de terra amb cal\u00e7 a una pla\u00e7a de Castell\u00f2 d'Emp\u00faries. Una soluci\u00f3 duradora i efectiva.\",\"breadcrumb\":{\"@id\":\"https:\/\/excavacionsfigueres.com\/cat\/empresa\/estabilitzacio-sol-castello-empuries\/#breadcrumb\"},\"inLanguage\":\"ca\",\"potentialAction\":[{\"@type\":\"ReadAction\",\"target\":[\"https:\/\/excavacionsfigueres.com\/cat\/empresa\/estabilitzacio-sol-castello-empuries\/\"]}]},{\"@type\":\"ImageObject\",\"inLanguage\":\"ca\",\"@id\":\"https:\/\/excavacionsfigueres.com\/cat\/empresa\/estabilitzacio-sol-castello-empuries\/#primaryimage\",\"url\":\"https:\/\/excavacionsfigueres.com\/cat\/wp-content\/uploads\/2024\/05\/pavimento-estabilizado-Castello-Empuries-07.jpg\",\"contentUrl\":\"https:\/\/excavacionsfigueres.com\/cat\/wp-content\/uploads\/2024\/05\/pavimento-estabilizado-Castello-Empuries-07.jpg\",\"width\":1920,\"height\":1240,\"caption\":\"Estabilitzaci\u00f3 de terra amb cal a una pla\u00e7a de Castell\u00f2 d'Emp\u00faries per Excavacions Figueres.\"},{\"@type\":\"BreadcrumbList\",\"@id\":\"https:\/\/excavacionsfigueres.com\/cat\/empresa\/estabilitzacio-sol-castello-empuries\/#breadcrumb\",\"itemListElement\":[{\"@type\":\"ListItem\",\"position\":1,\"name\":\"Portada\",\"item\":\"https:\/\/excavacionsfigueres.com\/cat\/\"},{\"@type\":\"ListItem\",\"position\":2,\"name\":\"Empresa\",\"item\":\"https:\/\/excavacionsfigueres.com\/cat\/empresa\/\"},{\"@type\":\"ListItem\",\"position\":3,\"name\":\"Estabilitzaci\u00f3 de s\u00f2l a Castell\u00f2 d&#8217;Emp\u00faries\"}]},{\"@type\":\"WebSite\",\"@id\":\"https:\/\/excavacionsfigueres.com\/cat\/#website\",\"url\":\"https:\/\/excavacionsfigueres.com\/cat\/\",\"name\":\"Excavacions Figueres\",\"description\":\"Excavacions i moviments de terres a Figueres\",\"publisher\":{\"@id\":\"https:\/\/excavacionsfigueres.com\/cat\/#organization\"},\"alternateName\":\"Excavaciones Figueres\",\"potentialAction\":[{\"@type\":\"SearchAction\",\"target\":{\"@type\":\"EntryPoint\",\"urlTemplate\":\"https:\/\/excavacionsfigueres.com\/cat\/?s={search_term_string}\"},\"query-input\":{\"@type\":\"PropertyValueSpecification\",\"valueRequired\":true,\"valueName\":\"search_term_string\"}}],\"inLanguage\":\"ca\"},{\"@type\":\"Organization\",\"@id\":\"https:\/\/excavacionsfigueres.com\/cat\/#organization\",\"name\":\"Excavacions Figueres\",\"alternateName\":\"Excavaciones Figueres\",\"url\":\"https:\/\/excavacionsfigueres.com\/cat\/\",\"logo\":{\"@type\":\"ImageObject\",\"inLanguage\":\"ca\",\"@id\":\"https:\/\/excavacionsfigueres.com\/cat\/#\/schema\/logo\/image\/\",\"url\":\"https:\/\/excavacionsfigueres.com\/cat\/wp-content\/uploads\/2024\/03\/logo-excavaciones-figueres.svg\",\"contentUrl\":\"https:\/\/excavacionsfigueres.com\/cat\/wp-content\/uploads\/2024\/03\/logo-excavaciones-figueres.svg\",\"width\":1,\"height\":1,\"caption\":\"Excavacions Figueres\"},\"image\":{\"@id\":\"https:\/\/excavacionsfigueres.com\/cat\/#\/schema\/logo\/image\/\"},\"sameAs\":[\"https:\/\/www.facebook.com\/61557642402407\",\"https:\/\/x.com\/excavfigueres\"],\"description\":\"Excavacions Figueres \u00e9s una empresa l\u00edder al sector d'excavacions, compromesa amb l'excel\u00b7l\u00e8ncia, la innovaci\u00f3 i el respecte pel medi ambient. Oferim serveis d\u00b4excavaci\u00f3 d\u00b4alta qualitat, utilitzant tecnologia avan\u00e7ada i un equip expert per satisfer les necessitats dels nostres clients.\",\"email\":\"info@excavacionsfigueres.com\",\"telephone\":\"633 72 54 38\",\"legalName\":\"Excavacions Figueres\",\"foundingDate\":\"2022-01-01\",\"numberOfEmployees\":{\"@type\":\"QuantitativeValue\",\"minValue\":\"11\",\"maxValue\":\"50\"}}]}<\/script>\n<!-- \/ Yoast SEO Premium plugin. -->","yoast_head_json":{"title":"Estabilitzaci\u00f3 de s\u00f2l a Castell\u00f2 d'Emp\u00faries - Excavacions Figueres","description":"Descobreix com duem a terme l'estabilitzaci\u00f3 de terra amb cal\u00e7 a una pla\u00e7a de Castell\u00f2 d'Emp\u00faries. Una soluci\u00f3 duradora i efectiva.","robots":{"index":"index","follow":"follow","max-snippet":"max-snippet:-1","max-image-preview":"max-image-preview:large","max-video-preview":"max-video-preview:-1"},"canonical":"https:\/\/excavacionsfigueres.com\/cat\/empresa\/estabilitzacio-sol-castello-empuries\/","og_locale":"ca_ES","og_type":"article","og_title":"Estabilitzaci\u00f3 de s\u00f2l a Castell\u00f2 d'Emp\u00faries","og_description":"Explora com realitzem l'estabilitzaci\u00f3 de terra amb cal a Castell\u00f2 d'Emp\u00faries. Una soluci\u00f3 eficient per a s\u00f2ls problem\u00e0tics.","og_url":"https:\/\/excavacionsfigueres.com\/cat\/empresa\/estabilitzacio-sol-castello-empuries\/","og_site_name":"Excavacions Figueres","article_publisher":"https:\/\/www.facebook.com\/61557642402407","article_modified_time":"2024-05-11T11:37:45+00:00","og_image":[{"width":1920,"height":1240,"url":"https:\/\/excavacionsfigueres.com\/cat\/wp-content\/uploads\/2024\/05\/pavimento-estabilizado-Castello-Empuries-07.jpg","type":"image\/jpeg"}],"twitter_card":"summary_large_image","twitter_description":"Apr\u00e8n sobre l'estabilitzaci\u00f3 de terra amb cal a Castell\u00f2 d'Emp\u00faries amb Excavacions Figueres. Una t\u00e8cnica efica\u00e7 per a s\u00f2ls dif\u00edcils.","twitter_site":"@excavfigueres","twitter_misc":{"Temps estimat de lectura":"4 minuts"},"schema":{"@context":"https:\/\/schema.org","@graph":[{"@type":"WebPage","@id":"https:\/\/excavacionsfigueres.com\/cat\/empresa\/estabilitzacio-sol-castello-empuries\/","url":"https:\/\/excavacionsfigueres.com\/cat\/empresa\/estabilitzacio-sol-castello-empuries\/","name":"Estabilitzaci\u00f3 de s\u00f2l a Castell\u00f2 d'Emp\u00faries - Excavacions Figueres","isPartOf":{"@id":"https:\/\/excavacionsfigueres.com\/cat\/#website"},"primaryImageOfPage":{"@id":"https:\/\/excavacionsfigueres.com\/cat\/empresa\/estabilitzacio-sol-castello-empuries\/#primaryimage"},"image":{"@id":"https:\/\/excavacionsfigueres.com\/cat\/empresa\/estabilitzacio-sol-castello-empuries\/#primaryimage"},"thumbnailUrl":"https:\/\/excavacionsfigueres.com\/cat\/wp-content\/uploads\/2024\/05\/pavimento-estabilizado-Castello-Empuries-07.jpg","datePublished":"2024-05-11T11:19:42+00:00","dateModified":"2024-05-11T11:37:45+00:00","description":"Descobreix com duem a terme l'estabilitzaci\u00f3 de terra amb cal\u00e7 a una pla\u00e7a de Castell\u00f2 d'Emp\u00faries. Una soluci\u00f3 duradora i efectiva.","breadcrumb":{"@id":"https:\/\/excavacionsfigueres.com\/cat\/empresa\/estabilitzacio-sol-castello-empuries\/#breadcrumb"},"inLanguage":"ca","potentialAction":[{"@type":"ReadAction","target":["https:\/\/excavacionsfigueres.com\/cat\/empresa\/estabilitzacio-sol-castello-empuries\/"]}]},{"@type":"ImageObject","inLanguage":"ca","@id":"https:\/\/excavacionsfigueres.com\/cat\/empresa\/estabilitzacio-sol-castello-empuries\/#primaryimage","url":"https:\/\/excavacionsfigueres.com\/cat\/wp-content\/uploads\/2024\/05\/pavimento-estabilizado-Castello-Empuries-07.jpg","contentUrl":"https:\/\/excavacionsfigueres.com\/cat\/wp-content\/uploads\/2024\/05\/pavimento-estabilizado-Castello-Empuries-07.jpg","width":1920,"height":1240,"caption":"Estabilitzaci\u00f3 de terra amb cal a una pla\u00e7a de Castell\u00f2 d'Emp\u00faries per Excavacions Figueres."},{"@type":"BreadcrumbList","@id":"https:\/\/excavacionsfigueres.com\/cat\/empresa\/estabilitzacio-sol-castello-empuries\/#breadcrumb","itemListElement":[{"@type":"ListItem","position":1,"name":"Portada","item":"https:\/\/excavacionsfigueres.com\/cat\/"},{"@type":"ListItem","position":2,"name":"Empresa","item":"https:\/\/excavacionsfigueres.com\/cat\/empresa\/"},{"@type":"ListItem","position":3,"name":"Estabilitzaci\u00f3 de s\u00f2l a Castell\u00f2 d&#8217;Emp\u00faries"}]},{"@type":"WebSite","@id":"https:\/\/excavacionsfigueres.com\/cat\/#website","url":"https:\/\/excavacionsfigueres.com\/cat\/","name":"Excavacions Figueres","description":"Excavacions i moviments de terres a Figueres","publisher":{"@id":"https:\/\/excavacionsfigueres.com\/cat\/#organization"},"alternateName":"Excavaciones Figueres","potentialAction":[{"@type":"SearchAction","target":{"@type":"EntryPoint","urlTemplate":"https:\/\/excavacionsfigueres.com\/cat\/?s={search_term_string}"},"query-input":{"@type":"PropertyValueSpecification","valueRequired":true,"valueName":"search_term_string"}}],"inLanguage":"ca"},{"@type":"Organization","@id":"https:\/\/excavacionsfigueres.com\/cat\/#organization","name":"Excavacions Figueres","alternateName":"Excavaciones Figueres","url":"https:\/\/excavacionsfigueres.com\/cat\/","logo":{"@type":"ImageObject","inLanguage":"ca","@id":"https:\/\/excavacionsfigueres.com\/cat\/#\/schema\/logo\/image\/","url":"https:\/\/excavacionsfigueres.com\/cat\/wp-content\/uploads\/2024\/03\/logo-excavaciones-figueres.svg","contentUrl":"https:\/\/excavacionsfigueres.com\/cat\/wp-content\/uploads\/2024\/03\/logo-excavaciones-figueres.svg","width":1,"height":1,"caption":"Excavacions Figueres"},"image":{"@id":"https:\/\/excavacionsfigueres.com\/cat\/#\/schema\/logo\/image\/"},"sameAs":["https:\/\/www.facebook.com\/61557642402407","https:\/\/x.com\/excavfigueres"],"description":"Excavacions Figueres \u00e9s una empresa l\u00edder al sector d'excavacions, compromesa amb l'excel\u00b7l\u00e8ncia, la innovaci\u00f3 i el respecte pel medi ambient. Oferim serveis d\u00b4excavaci\u00f3 d\u00b4alta qualitat, utilitzant tecnologia avan\u00e7ada i un equip expert per satisfer les necessitats dels nostres clients.","email":"info@excavacionsfigueres.com","telephone":"633 72 54 38","legalName":"Excavacions Figueres","foundingDate":"2022-01-01","numberOfEmployees":{"@type":"QuantitativeValue","minValue":"11","maxValue":"50"}}]}},"_links":{"self":[{"href":"https:\/\/excavacionsfigueres.com\/cat\/wp-json\/wp\/v2\/pages\/4559","targetHints":{"allow":["GET"]}}],"collection":[{"href":"https:\/\/excavacionsfigueres.com\/cat\/wp-json\/wp\/v2\/pages"}],"about":[{"href":"https:\/\/excavacionsfigueres.com\/cat\/wp-json\/wp\/v2\/types\/page"}],"author":[{"embeddable":true,"href":"https:\/\/excavacionsfigueres.com\/cat\/wp-json\/wp\/v2\/users\/1"}],"replies":[{"embeddable":true,"href":"https:\/\/excavacionsfigueres.com\/cat\/wp-json\/wp\/v2\/comments?post=4559"}],"version-history":[{"count":13,"href":"https:\/\/excavacionsfigueres.com\/cat\/wp-json\/wp\/v2\/pages\/4559\/revisions"}],"predecessor-version":[{"id":4591,"href":"https:\/\/excavacionsfigueres.com\/cat\/wp-json\/wp\/v2\/pages\/4559\/revisions\/4591"}],"up":[{"embeddable":true,"href":"https:\/\/excavacionsfigueres.com\/cat\/wp-json\/wp\/v2\/pages\/137"}],"wp:featuredmedia":[{"embeddable":true,"href":"https:\/\/excavacionsfigueres.com\/cat\/wp-json\/wp\/v2\/media\/4567"}],"wp:attachment":[{"href":"https:\/\/excavacionsfigueres.com\/cat\/wp-json\/wp\/v2\/media?parent=4559"}],"curies":[{"name":"wp","href":"https:\/\/api.w.org\/{rel}","templated":true}]}}