{"id":2575,"date":"2023-08-27T06:11:39","date_gmt":"2023-08-27T06:11:39","guid":{"rendered":"https:\/\/webtend.site\/wp\/limestone\/?page_id=3"},"modified":"2024-04-21T07:52:00","modified_gmt":"2024-04-21T07:52:00","slug":"politica-privacitat","status":"publish","type":"page","link":"https:\/\/excavacionsfigueres.com\/cat\/politica-privacitat\/","title":{"rendered":"Pol\u00edtica de privacitat"},"content":{"rendered":"\n<div class=\"wp-block-group\"><div class=\"wp-block-group__inner-container is-layout-constrained wp-block-group-is-layout-constrained\">\n<h2>Pol\u00edtica de privacitat<\/h2>\n<h5>\u00das i Tractament de Dades Personals<\/h5>\n<p>Benvingut a la Pol\u00edtica de Privacitat d&#8217;Excavacions Figueres, dedicada a oferir serveis d&#8217;excavacions i moviment de terres. En aquest document, expliquem com recopilem, utilitzem i protegim la informaci\u00f3 personal que vost\u00e8 proporciona a trav\u00e9s del nostre lloc web i en el context de la seva relaci\u00f3 amb la nostra entitat.<br \/><strong>Responsable del Tractament:<\/strong> Som els responsables del tractament de les dades recopilades a trav\u00e9s dels formularis corresponents.<br \/><strong>Necessitat del Tractament:<\/strong> La comunicaci\u00f3 de les vostres dades mitjan\u00e7ant els formularis \u00e9s essencial perqu\u00e8 ens puguem posar en contacte amb vosaltres i oferir-vos els nostres serveis de manera eficient.<\/p>\n<h5>Finalitats del Tractament i Legitimaci\u00f3 del Tractament<\/h5>\n<ol>\n<li>Gestionar, administrar i prestar-li els serveis sol\u00b7licitats, aix\u00ed com facilitar-li els productes que pugui necessitar. Aix\u00f2 inclou el compliment i execuci\u00f3 dels contractes que es puguin celebrar, aix\u00ed com el coneixement de les seves prefer\u00e8ncies per adaptar els nostres serveis.<\/li>\n<li>Enviar-li comunicacions comercials i publicit\u00e0ries sobre els nostres productes i serveis a trav\u00e9s de diversos mitjans, com ara correu postal, correu electr\u00f2nic i altres equivalents.<\/li>\n<\/ol>\n<p><strong>Destinataris:<\/strong> Col\u00b7laborem amb entitats que presten serveis com a manteniment i hosting, a trav\u00e9s de contractes d&#8217;enc\u00e0rrec del tractament, garantint aix\u00ed el compliment dels fins indicats.<br \/><strong>Termini de Conservaci\u00f3 de Dades:<\/strong> Conservarem les vostres dades mentre sigui necessari per al manteniment del tractament i fins que sol\u00b7liciteu la supressi\u00f3 de les dades.<\/p>\n<h5>Drets de l&#8217;Usuari<\/h5>\n<p>Vost\u00e8 compta amb diversos drets en relaci\u00f3 amb les vostres dades personals. Podeu exercir els drets d&#8217;acc\u00e9s, rectificaci\u00f3, supressi\u00f3, limitaci\u00f3 al tractament, oposici\u00f3, portabilitat i el dret a no ser objecte de decisions basades \u00fanicament en el tractament automatitzat. Per exercir aquests drets, podeu realitzar una comunicaci\u00f3 escrita a l&#8217;adre\u00e7a indicada a l&#8217;av\u00eds legal.<br \/>A m\u00e9s, teniu l&#8217;opci\u00f3 de revocar el vostre consentiment en qualsevol moment sense efectes retroactius. Si no voleu rebre comunicacions comercials publicit\u00e0ries per correu electr\u00f2nic o altres mitjans electr\u00f2nics equivalents, podeu oposar-vos-hi expressament.<br \/>Si considereu que els vostres drets no estan sent respectats, teniu el dret de presentar una reclamaci\u00f3 davant l&#8217;Autoritat de Control a Espanya , l&#8217;Ag\u00e8ncia Espanyola de Protecci\u00f3 de Dades.<\/p>\n<h5>Modificaci\u00f3 de la Pol\u00edtica de Privacitat<\/h5>\n<p>Ens reservem el dret de modificar la nostra Pol\u00edtica de Privacitat, ja sigui pel nostre propi criteri o com a resultat d&#8217;un canvi doctrinal de l&#8217;Autoritat competent en Protecci\u00f3 de Dades, legislaci\u00f3 o jurisprud\u00e8ncia. Qualsevol modificaci\u00f3 ser\u00e0 comunicada a trav\u00e9s del nostre lloc web, i l&#8217;\u00fas continuat del mateix despr\u00e9s d&#8217;aquests canvis implicar\u00e0 la seva acceptaci\u00f3.<\/p>\n<h5><strong>Legislaci\u00f3 Aplicable<\/strong><\/h5>\n<p>Qualsevol controv\u00e8rsia derivada de l\u00fas daquest lloc web estar\u00e0 regida, interpretada i sotmesa dacord amb les lleis dEspanya. Ens comprometem a complir amb la normativa vigent en mat\u00e8ria de protecci\u00f3 de dades, garantint aix\u00ed la privacitat i seguretat de la seva informaci\u00f3 personal.<\/p>\n<\/div><\/div>\n","protected":false},"excerpt":{"rendered":"<p>Pol\u00edtica de privacitat \u00das i Tractament de Dades Personals Benvingut a la Pol\u00edtica de Privacitat d&#8217;Excavacions Figueres, dedicada a oferir serveis d&#8217;excavacions i moviment de terres. En aquest document, expliquem com recopilem, utilitzem i protegim la informaci\u00f3 personal que vost\u00e8 proporciona a trav\u00e9s del nostre lloc web i en el context de la seva relaci\u00f3 [&hellip;]<\/p>\n","protected":false},"author":1,"featured_media":0,"parent":0,"menu_order":99,"comment_status":"closed","ping_status":"closed","template":"","meta":{"footnotes":""},"class_list":["post-2575","page","type-page","status-publish","hentry"],"yoast_head":"<!-- This site is optimized with the Yoast SEO Premium plugin v22.6 (Yoast SEO v24.2) - https:\/\/yoast.com\/wordpress\/plugins\/seo\/ -->\n<title>Pol\u00edtica de privacitat - Excavacions Figueres<\/title>\n<meta name=\"description\" content=\"Explora els serveis d\u00b4excavaci\u00f3 d\u00b4Excavacions Figueres, l\u00edder en solucions integrals per a projectes residencials i industrials. Contacta&#039;ns avui mateix.\" \/>\n<meta name=\"robots\" content=\"noindex, nofollow\" \/>\n<meta property=\"og:locale\" content=\"ca_ES\" \/>\n<meta property=\"og:type\" content=\"article\" \/>\n<meta property=\"og:title\" content=\"Pol\u00edtica de privacitat\" \/>\n<meta property=\"og:description\" content=\"Descobreix Excavacions Figueres, l\u00edder en solucions integrals per a projectes residencials i industrials. Confia en la nostra experi\u00e8ncia i la nostra qualitat. #Excavacions #Construcci\u00f3\" \/>\n<meta property=\"og:url\" content=\"https:\/\/excavacionsfigueres.com\/cat\/politica-privacitat\/\" \/>\n<meta property=\"og:site_name\" content=\"Excavacions Figueres\" \/>\n<meta property=\"article:publisher\" content=\"https:\/\/www.facebook.com\/61557642402407\" \/>\n<meta property=\"article:modified_time\" content=\"2024-04-21T07:52:00+00:00\" \/>\n<meta property=\"og:image\" content=\"https:\/\/excavacionsfigueres.com\/cat\/wp-content\/uploads\/2024\/04\/retroexcavadora-girona.jpg\" \/>\n\t<meta property=\"og:image:width\" content=\"1920\" \/>\n\t<meta property=\"og:image:height\" content=\"1080\" \/>\n\t<meta property=\"og:image:type\" content=\"image\/jpeg\" \/>\n<meta name=\"twitter:card\" content=\"summary_large_image\" \/>\n<meta name=\"twitter:site\" content=\"@excavfigueres\" \/>\n<meta name=\"twitter:label1\" content=\"Temps estimat de lectura\" \/>\n\t<meta name=\"twitter:data1\" content=\"3 minuts\" \/>\n<script type=\"application\/ld+json\" class=\"yoast-schema-graph\">{\"@context\":\"https:\/\/schema.org\",\"@graph\":[{\"@type\":\"WebPage\",\"@id\":\"https:\/\/excavacionsfigueres.com\/cat\/politica-privacitat\/\",\"url\":\"https:\/\/excavacionsfigueres.com\/cat\/politica-privacitat\/\",\"name\":\"Pol\u00edtica de privacitat - Excavacions Figueres\",\"isPartOf\":{\"@id\":\"https:\/\/excavacionsfigueres.com\/cat\/#website\"},\"datePublished\":\"2023-08-27T06:11:39+00:00\",\"dateModified\":\"2024-04-21T07:52:00+00:00\",\"description\":\"Explora els serveis d\u00b4excavaci\u00f3 d\u00b4Excavacions Figueres, l\u00edder en solucions integrals per a projectes residencials i industrials. Contacta'ns avui mateix.\",\"breadcrumb\":{\"@id\":\"https:\/\/excavacionsfigueres.com\/cat\/politica-privacitat\/#breadcrumb\"},\"inLanguage\":\"ca\",\"potentialAction\":[{\"@type\":\"ReadAction\",\"target\":[\"https:\/\/excavacionsfigueres.com\/cat\/politica-privacitat\/\"]}]},{\"@type\":\"BreadcrumbList\",\"@id\":\"https:\/\/excavacionsfigueres.com\/cat\/politica-privacitat\/#breadcrumb\",\"itemListElement\":[{\"@type\":\"ListItem\",\"position\":1,\"name\":\"Portada\",\"item\":\"https:\/\/excavacionsfigueres.com\/cat\/\"},{\"@type\":\"ListItem\",\"position\":2,\"name\":\"Pol\u00edtica de privacitat\"}]},{\"@type\":\"WebSite\",\"@id\":\"https:\/\/excavacionsfigueres.com\/cat\/#website\",\"url\":\"https:\/\/excavacionsfigueres.com\/cat\/\",\"name\":\"Excavacions Figueres\",\"description\":\"Excavacions i moviments de terres a Figueres\",\"publisher\":{\"@id\":\"https:\/\/excavacionsfigueres.com\/cat\/#organization\"},\"alternateName\":\"Excavaciones Figueres\",\"potentialAction\":[{\"@type\":\"SearchAction\",\"target\":{\"@type\":\"EntryPoint\",\"urlTemplate\":\"https:\/\/excavacionsfigueres.com\/cat\/?s={search_term_string}\"},\"query-input\":{\"@type\":\"PropertyValueSpecification\",\"valueRequired\":true,\"valueName\":\"search_term_string\"}}],\"inLanguage\":\"ca\"},{\"@type\":\"Organization\",\"@id\":\"https:\/\/excavacionsfigueres.com\/cat\/#organization\",\"name\":\"Excavacions Figueres\",\"alternateName\":\"Excavaciones Figueres\",\"url\":\"https:\/\/excavacionsfigueres.com\/cat\/\",\"logo\":{\"@type\":\"ImageObject\",\"inLanguage\":\"ca\",\"@id\":\"https:\/\/excavacionsfigueres.com\/cat\/#\/schema\/logo\/image\/\",\"url\":\"https:\/\/excavacionsfigueres.com\/cat\/wp-content\/uploads\/2024\/03\/logo-excavaciones-figueres.svg\",\"contentUrl\":\"https:\/\/excavacionsfigueres.com\/cat\/wp-content\/uploads\/2024\/03\/logo-excavaciones-figueres.svg\",\"width\":1,\"height\":1,\"caption\":\"Excavacions Figueres\"},\"image\":{\"@id\":\"https:\/\/excavacionsfigueres.com\/cat\/#\/schema\/logo\/image\/\"},\"sameAs\":[\"https:\/\/www.facebook.com\/61557642402407\",\"https:\/\/x.com\/excavfigueres\"],\"description\":\"Excavacions Figueres \u00e9s una empresa l\u00edder al sector d'excavacions, compromesa amb l'excel\u00b7l\u00e8ncia, la innovaci\u00f3 i el respecte pel medi ambient. Oferim serveis d\u00b4excavaci\u00f3 d\u00b4alta qualitat, utilitzant tecnologia avan\u00e7ada i un equip expert per satisfer les necessitats dels nostres clients.\",\"email\":\"info@excavacionsfigueres.com\",\"telephone\":\"633 72 54 38\",\"legalName\":\"Excavacions Figueres\",\"foundingDate\":\"2022-01-01\",\"numberOfEmployees\":{\"@type\":\"QuantitativeValue\",\"minValue\":\"11\",\"maxValue\":\"50\"}}]}<\/script>\n<!-- \/ Yoast SEO Premium plugin. -->","yoast_head_json":{"title":"Pol\u00edtica de privacitat - Excavacions Figueres","description":"Explora els serveis d\u00b4excavaci\u00f3 d\u00b4Excavacions Figueres, l\u00edder en solucions integrals per a projectes residencials i industrials. Contacta'ns avui mateix.","robots":{"index":"noindex","follow":"nofollow"},"og_locale":"ca_ES","og_type":"article","og_title":"Pol\u00edtica de privacitat","og_description":"Descobreix Excavacions Figueres, l\u00edder en solucions integrals per a projectes residencials i industrials. Confia en la nostra experi\u00e8ncia i la nostra qualitat. #Excavacions #Construcci\u00f3","og_url":"https:\/\/excavacionsfigueres.com\/cat\/politica-privacitat\/","og_site_name":"Excavacions Figueres","article_publisher":"https:\/\/www.facebook.com\/61557642402407","article_modified_time":"2024-04-21T07:52:00+00:00","og_image":[{"width":1920,"height":1080,"url":"https:\/\/excavacionsfigueres.com\/cat\/wp-content\/uploads\/2024\/04\/retroexcavadora-girona.jpg","type":"image\/jpeg"}],"twitter_card":"summary_large_image","twitter_site":"@excavfigueres","twitter_misc":{"Temps estimat de lectura":"3 minuts"},"schema":{"@context":"https:\/\/schema.org","@graph":[{"@type":"WebPage","@id":"https:\/\/excavacionsfigueres.com\/cat\/politica-privacitat\/","url":"https:\/\/excavacionsfigueres.com\/cat\/politica-privacitat\/","name":"Pol\u00edtica de privacitat - Excavacions Figueres","isPartOf":{"@id":"https:\/\/excavacionsfigueres.com\/cat\/#website"},"datePublished":"2023-08-27T06:11:39+00:00","dateModified":"2024-04-21T07:52:00+00:00","description":"Explora els serveis d\u00b4excavaci\u00f3 d\u00b4Excavacions Figueres, l\u00edder en solucions integrals per a projectes residencials i industrials. Contacta'ns avui mateix.","breadcrumb":{"@id":"https:\/\/excavacionsfigueres.com\/cat\/politica-privacitat\/#breadcrumb"},"inLanguage":"ca","potentialAction":[{"@type":"ReadAction","target":["https:\/\/excavacionsfigueres.com\/cat\/politica-privacitat\/"]}]},{"@type":"BreadcrumbList","@id":"https:\/\/excavacionsfigueres.com\/cat\/politica-privacitat\/#breadcrumb","itemListElement":[{"@type":"ListItem","position":1,"name":"Portada","item":"https:\/\/excavacionsfigueres.com\/cat\/"},{"@type":"ListItem","position":2,"name":"Pol\u00edtica de privacitat"}]},{"@type":"WebSite","@id":"https:\/\/excavacionsfigueres.com\/cat\/#website","url":"https:\/\/excavacionsfigueres.com\/cat\/","name":"Excavacions Figueres","description":"Excavacions i moviments de terres a Figueres","publisher":{"@id":"https:\/\/excavacionsfigueres.com\/cat\/#organization"},"alternateName":"Excavaciones Figueres","potentialAction":[{"@type":"SearchAction","target":{"@type":"EntryPoint","urlTemplate":"https:\/\/excavacionsfigueres.com\/cat\/?s={search_term_string}"},"query-input":{"@type":"PropertyValueSpecification","valueRequired":true,"valueName":"search_term_string"}}],"inLanguage":"ca"},{"@type":"Organization","@id":"https:\/\/excavacionsfigueres.com\/cat\/#organization","name":"Excavacions Figueres","alternateName":"Excavaciones Figueres","url":"https:\/\/excavacionsfigueres.com\/cat\/","logo":{"@type":"ImageObject","inLanguage":"ca","@id":"https:\/\/excavacionsfigueres.com\/cat\/#\/schema\/logo\/image\/","url":"https:\/\/excavacionsfigueres.com\/cat\/wp-content\/uploads\/2024\/03\/logo-excavaciones-figueres.svg","contentUrl":"https:\/\/excavacionsfigueres.com\/cat\/wp-content\/uploads\/2024\/03\/logo-excavaciones-figueres.svg","width":1,"height":1,"caption":"Excavacions Figueres"},"image":{"@id":"https:\/\/excavacionsfigueres.com\/cat\/#\/schema\/logo\/image\/"},"sameAs":["https:\/\/www.facebook.com\/61557642402407","https:\/\/x.com\/excavfigueres"],"description":"Excavacions Figueres \u00e9s una empresa l\u00edder al sector d'excavacions, compromesa amb l'excel\u00b7l\u00e8ncia, la innovaci\u00f3 i el respecte pel medi ambient. Oferim serveis d\u00b4excavaci\u00f3 d\u00b4alta qualitat, utilitzant tecnologia avan\u00e7ada i un equip expert per satisfer les necessitats dels nostres clients.","email":"info@excavacionsfigueres.com","telephone":"633 72 54 38","legalName":"Excavacions Figueres","foundingDate":"2022-01-01","numberOfEmployees":{"@type":"QuantitativeValue","minValue":"11","maxValue":"50"}}]}},"_links":{"self":[{"href":"https:\/\/excavacionsfigueres.com\/cat\/wp-json\/wp\/v2\/pages\/2575","targetHints":{"allow":["GET"]}}],"collection":[{"href":"https:\/\/excavacionsfigueres.com\/cat\/wp-json\/wp\/v2\/pages"}],"about":[{"href":"https:\/\/excavacionsfigueres.com\/cat\/wp-json\/wp\/v2\/types\/page"}],"author":[{"embeddable":true,"href":"https:\/\/excavacionsfigueres.com\/cat\/wp-json\/wp\/v2\/users\/1"}],"replies":[{"embeddable":true,"href":"https:\/\/excavacionsfigueres.com\/cat\/wp-json\/wp\/v2\/comments?post=2575"}],"version-history":[{"count":9,"href":"https:\/\/excavacionsfigueres.com\/cat\/wp-json\/wp\/v2\/pages\/2575\/revisions"}],"predecessor-version":[{"id":4263,"href":"https:\/\/excavacionsfigueres.com\/cat\/wp-json\/wp\/v2\/pages\/2575\/revisions\/4263"}],"wp:attachment":[{"href":"https:\/\/excavacionsfigueres.com\/cat\/wp-json\/wp\/v2\/media?parent=2575"}],"curies":[{"name":"wp","href":"https:\/\/api.w.org\/{rel}","templated":true}]}}